{"id":1892,"date":"2021-08-09T12:22:15","date_gmt":"2021-08-09T12:22:15","guid":{"rendered":"https:\/\/esr.solar\/politica-de-privacitat\/"},"modified":"2026-02-11T12:28:45","modified_gmt":"2026-02-11T12:28:45","slug":"politica-de-privacitat","status":"publish","type":"page","link":"https:\/\/esr.solar\/ca\/politica-de-privacitat\/","title":{"rendered":"Pol\u00edtica de privacitat"},"content":{"rendered":"[vc_row type=&#8221;in_container&#8221; full_screen_row_position=&#8221;middle&#8221; column_margin=&#8221;default&#8221; column_direction=&#8221;default&#8221; column_direction_tablet=&#8221;default&#8221; column_direction_phone=&#8221;default&#8221; scene_position=&#8221;center&#8221; text_color=&#8221;dark&#8221; text_align=&#8221;left&#8221; row_border_radius=&#8221;none&#8221; row_border_radius_applies=&#8221;bg&#8221; overlay_strength=&#8221;0.3&#8243; gradient_direction=&#8221;left_to_right&#8221; shape_divider_position=&#8221;bottom&#8221; bg_image_animation=&#8221;none&#8221;]\n[vc_column column_padding=&#8221;no-extra-padding&#8221; column_padding_tablet=&#8221;inherit&#8221; column_padding_phone=&#8221;inherit&#8221; column_padding_position=&#8221;all&#8221; column_element_spacing=&#8221;default&#8221; background_color_opacity=&#8221;1&#8243; background_hover_color_opacity=&#8221;1&#8243; column_shadow=&#8221;none&#8221; column_border_radius=&#8221;none&#8221; column_link_target=&#8221;_self&#8221; gradient_direction=&#8221;left_to_right&#8221; overlay_strength=&#8221;0.3&#8243; width=&#8221;1\/1&#8243; tablet_width_inherit=&#8221;default&#8221; tablet_text_alignment=&#8221;default&#8221; phone_text_alignment=&#8221;default&#8221; bg_image_animation=&#8221;none&#8221; border_type=&#8221;simple&#8221; column_border_width=&#8221;none&#8221; column_border_style=&#8221;solid&#8221;]\n[vc_column_text]\n<div id=\"legales\">\n<h2 style=\"text-align:center;\">Pol\u00edtica de privacitat<\/h2>\n<ol>\n<li><strong>Objecte<\/strong><\/li>\n<\/ol>\n<p>Aquesta Pol\u00edtica de Privadesa t\u00e9 per objectiu donar a con\u00e8ixer a les persones (en endavant, usuaris o interessats) que visitin la nostra p\u00e0gina web (en endavant, p\u00e0gina web, lloc web o la web), la manera en qu\u00e8 recopilem, tractem i protegim les dades personals que decideixin facilitar-nos per qualsevol mitj\u00e0 (formularis, correus electr\u00f2nics, tel\u00e8fon, contractes, etc.) i, despr\u00e9s de la seva lectura, decideixin lliurement si volen que les tractem. Addicionalment, servir\u00e0 per ampliar la informaci\u00f3 que pr\u00e8viament els hem proporcionat als interessats, en les cl\u00e0usules informatives disposades en els processos de recollida de les seves dades personals. <\/p>\n<p>Aix\u00ed mateix, aquesta pol\u00edtica pret\u00e9n complir amb el Reglament (UE) 2016\/679 del Parlament Europeu i del Consell de 27 d\u2019abril de 2016 relatiu a la protecci\u00f3 de les persones f\u00edsiques pel que fa al tractament de dades personals i a la lliure circulaci\u00f3 d\u2019aquestes dades (d\u2019ara endavant RGPD) i a la Llei Org\u00e0nica 3\/2018, de 5 de desembre, de Protecci\u00f3 de Dades Personals i garantia dels drets digitals (d\u2019ara endavant, LOPDGDD).<\/p>\n<ol start=\"2\">\n<li><strong>Qui \u00e9s el responsable del tractament de les seves dades personals?<\/strong><\/li>\n<\/ol>\n<table>\n<tbody>\n<tr>\n<td width=\"180\"><strong>Entitat:<\/strong><\/td>\n<td>ESR ENERGY SOLUTIONS S.L.<\/td>\n<\/tr>\n<tr>\n<td><strong>CIF\/NIF:<\/strong><\/td>\n<td>B67677708<\/td>\n<\/tr>\n<tr>\n<td><strong>Adre\u00e7a postal:<\/strong><\/td>\n<td>Carrer de l&#8217;Arroyo del Soto, 6, 28914 Legan\u00e9s, Madrid<\/td>\n<\/tr>\n<tr>\n<td><strong>Tel\u00e8fon:<\/strong><\/td>\n<td>931712087<\/td>\n<\/tr>\n<tr>\n<td><strong>Correu electr\u00f2nic:<\/strong><\/td>\n<p> <a href=\"mailto:hola@esr.solar\"><\/a><\/p>\n<td>hola@esr.solar<\/td>\n<\/tr>\n<tr>\n<td><strong>Objecte Social:<\/strong><\/td>\n<td>Comer\u00e7 de productes diversos<\/td>\n<\/tr>\n<tr><strong><\/p>\n<td>Lloc web:<\/td>\n<p><\/strong> <\/p>\n<td><a href=\"https:\/\/esr.solar\/ca\/\" target=\"_blank\" rel=\"noopener\">https:\/\/esr.solar\/<\/a><\/td>\n<\/tr>\n<tr>\n<td><strong>Dades registrals:<\/strong><\/td>\n<td>Registre Mercantil de Barcelona Tomo 11077, Llibre 8355, Full 195, Secci\u00f3 8, Fitxa V 201291<\/td>\n<\/tr>\n<\/tbody>\n<\/table>\n<ol start=\"3\">\n<li><strong>Com es pot posar en contacte amb el Delegat de Protecci\u00f3 de Dades?<\/strong><\/li>\n<\/ol>\n<p>La nostra entitat ha designat un Delegat de Protecci\u00f3 de Dades davant del Registre General de l&#8217;Ag\u00e8ncia Espanyola de Protecci\u00f3 de Dades, al qual els interessats podran dirigir les seves queixes o dubtes sobre com est\u00e0 tractant les seves dades personals la nostra entitat. Podran contactar amb ell per escrit, indicant el nom de la nostra entitat o nom comercial, seguit de la seva queixa o consulta a: <\/p>\n<p><strong>BUSINESS ADAPTER, S.L.<\/strong><br \/>\nRonda Guglielmo Marconi, 11, 26, (Parc Tecnol\u00f2gic) 46980 Paterna (Val\u00e8ncia).<br \/>Correu electr\u00f2nic: <a href=\"mailto:info@businessadapter.es\">info@businessadapter.es <\/a>(ref. esr) o mitjan\u00e7ant aquest<br \/><a href=\"https:\/\/www.businessadapter.es\/contacta-con-el-delegado-de-proteccion-de-datos\" target=\"_blank\" rel=\"noopener\">Formulari d\u2019atenci\u00f3 a l\u2019interessat.<\/a>\n<\/p>\n<ol start=\"4\">\n<li><strong>Per qu\u00e8 tractarem les seves dades (legitimaci\u00f3)?<\/strong><\/li>\n<\/ol>\n<p>El tractament de les seves dades personals per part de la nostra entitat es realitzar\u00e0 amb alguna o diverses de les seg\u00fcents bases legitimadores:<\/p>\n<p><strong>Article 6.1 a) RGPD:<\/strong><br \/>la persona interessada va donar el seu consentiment per al tractament de les seves dades personals per a un o diversos fins espec\u00edfics.<\/p>\n<p><strong>Art\u00edculo 6.1 b) RGPD:<\/strong><br \/>Per a l\u2019execuci\u00f3 d\u2019un contracte en qu\u00e8 vost\u00e8 sigui part o ens hagi sol\u00b7licitat mesures precontractuals.<\/p>\n<p><strong>Art\u00edculo 6.1 c) RGPD:<\/strong><br \/>Quan el tractament sigui necessari per al compliment d\u2019una obligaci\u00f3 legal aplicable a la nostra entitat.<\/p>\n<p><strong>Art\u00edculo 6.1 f) RGPD:<\/strong><br \/>Quan el tractament \u00e9s necessari per a la satisfacci\u00f3 d&#8217;interessos leg\u00edtims perseguits per la nostra entitat o per un tercer, sempre que sobre aquests interessos no prevalguin els interessos o els drets i llibertats fonamentals de l&#8217;interessat. A aquest respecte, informem que la nostra entitat ha realitzat una an\u00e0lisi ponderant els nostres interessos leg\u00edtims amb els drets i llibertats de l&#8217;interessat, respectant sempre els seus drets fonamentals. Aix\u00f2 no ser\u00e0 aplicable al tractament realitzat per les autoritats p\u00fabliques en l&#8217;exercici de les seves funcions.  <\/p>\n<p>En el cas que l&#8217;usuari sigui menor de 14 anys, ser\u00e0 necessari comptar amb el consentiment dels pares, tutors o representant legal per tractar les seves dades. L&#8217;usuari \u00e9s l&#8217;\u00fanic responsable de la veracitat de les dades que ens envia. <\/p>\n<ol start=\"5\">\n<li><strong>Quins dades personals tractarem i com les obtenim?<\/strong><\/li>\n<\/ol>\n<p>Per al desenvolupament de la nostra activitat empresarial, \u00e9s imprescindible tractar dades personals la recopilaci\u00f3 de les quals es pot realitzar per mitjans digitals, mitjan\u00e7ant documents en paper o com a resultat de converses presencials o telef\u00f2niques i, en qualsevol d\u2019aquests casos, les dades seran tractades de manera justa, l\u00edcita i transparent.<\/p>\n<p><strong>Les categories de dades que la nostra entitat tractar\u00e0 sobre els interessats s\u00f3n:<\/strong><\/p>\n<ul>\n<li>Dades identificatives: nom i cognoms, DNI o document equivalent, imatge, veu i signatura.<\/li>\n<li>Dades de contacte: tel\u00e8fon, correu electr\u00f2nic, adre\u00e7a postal.<\/li>\n<li>Dades comercials: pressupostos, condicions de compres, gesti\u00f3 i hist\u00f2ric de serveis i\/o compres, resultat dels contactes (tel\u00e8fon, correu electr\u00f2nic, missatgeria i altres canals de comunicaci\u00f3).<\/li>\n<li>Dades de consums: historial de consum el\u00e8ctric, producci\u00f3 fotovoltaica, monitoritzaci\u00f3 i telemetria del sistema.<\/li>\n<li>Dades de legalitzacions: llic\u00e8ncia d\u2019obra, taxes, butlletins, certificats, registres.<\/li>\n<li>Dades econ\u00f2miques: subvencions, finan\u00e7ament, situaci\u00f3 de pagaments, gesti\u00f3 de cobraments.<\/li>\n<li>Transacci\u00f3 de b\u00e9ns i serveis: transfer\u00e8ncies i domiciliacions banc\u00e0ries, import i conceptes.<\/li>\n<li>Dades t\u00e8cniques: mem\u00f2ria, projecte, ubicaci\u00f3 i caracter\u00edstiques de l&#8217;immoble, pl\u00e0nols, mesuraments i altres dades t\u00e8cniques.<\/li>\n<li>Dades comptables: control d&#8217;ingressos i despeses, dades de facturaci\u00f3.<\/li>\n<li>Dades banc\u00e0ries: comptes i targetes banc\u00e0ries.<\/li>\n<li>Dades curriculars: dades acad\u00e8miques, experi\u00e8ncia professional, caracter\u00edstiques personals, etc.<\/li>\n<li>Dades de navegaci\u00f3: an\u00e0lisi del temps de perman\u00e8ncia al nostre web, p\u00e0gines visitades, dades demogr\u00e0fiques (p. ex. edat, sexe, idioma).<\/li>\n<\/ul>\n<p>La nostra entitat no recopilar\u00e0 dades de categoria especial (per exemple, dades de salut, origen \u00e8tnic, opinions pol\u00edtiques o creences religioses), per\u00f2 en cas que sigui necessari tractar-les, l\u2019informar\u00e0 i li sol\u00b7licitar\u00e0 consentiment previ i expr\u00e9s.<\/p>\n<p>En conseq\u00fc\u00e8ncia, les dades sol\u00b7licitades seran adequades, pertinents, limitades a les estrictament imprescindibles i necess\u00e0ries, tractades \u00fanicament pel personal i\/o col\u00b7laboradors autoritzats per la nostra entitat, que hauran signat un comprom\u00eds de confidencialitat i es comprometen a complir amb les normes de seguretat necess\u00e0ries que garanteixin la confidencialitat, integritat i disponibilitat de les dades tractades i altres requisits legalment establerts en el RGPD. Per tant, seran tractades dins de la legalitat. <\/p>\n<p>Les dades a tractar s\u00f3n facilitades pel propi interessat o pel seu representant legal, tot i que es pot donar el cas que deleguem algunes funcions a certs col\u00b7laboradors i aquests siguin els encarregats de recopilar les seves dades, per\u00f2 sempre seran tractades amb el seu consentiment previ i expr\u00e9s.<\/p>\n<p>En el cas que un interessat no faciliti les dades que li sol\u00b7licitem o es proporcionin dades incompletes o incorrectes, no ser\u00e0 possible complir i mantenir la relaci\u00f3 amb aquests.<\/p>\n<p><strong>Les categories de dades que puguem tractar sobre una persona dependran de la relaci\u00f3 que mantingui amb la nostra entitat, segons mostrem a continuaci\u00f3:<\/strong><\/p>\n<p><strong>5.1. Clients:<\/strong><br \/>Es tractaran dades de car\u00e0cter identificatiu, de contacte, comercials, consums, legalitzacions, econ\u00f2miques, comptables, t\u00e8cniques, banc\u00e0ries, transacci\u00f3 de b\u00e9ns i serveis i podran ser recollides nom\u00e9s si el client ens les proporciona en el moment de la compra de b\u00e9ns, contractaci\u00f3 de serveis, la sol\u00b7licitud de mesures precontractuals o durant el manteniment de la relaci\u00f3 entre les parts. <br \/>Les dades podran ser recopilades personalment, per tel\u00e8fon, correu electr\u00f2nic o mitjan\u00e7ant els formularis disponibles al nostre lloc web, xat en l\u00ednia, missatgeria instant\u00e0nia, etc.<br \/><strong>Base legitimadora:<\/strong> Article 6.1 a); 6.1 b); 6.1 c); 6.1 f); RGPD<\/p>\n<p><strong>5.2. Sol\u00b7licitants d&#8217;informaci\u00f3:<\/strong><br \/>Tant si la informaci\u00f3 sol\u00b7licitada \u00e9s presencial, telef\u00f2nica o per escrit (p. ex., correu electr\u00f2nic o formularis web), li sol\u00b7licitarem i tractarem dades identificatives, de contacte i dades comercials.<br \/><strong>Base legitimadora:<\/strong> Article 6.1 a); 6.1 f); RGPD<\/p>\n<p><strong>5.3. Prove\u00efdors:<\/strong><br \/>Es tractaran dades d\u2019identificaci\u00f3, de contacte, comercials, comptables, banc\u00e0ries, de transacci\u00f3 de b\u00e9ns i serveis i financeres. Aquestes dades podran ser tractades durant totes les etapes de la relaci\u00f3 comercial i nom\u00e9s si el prove\u00efdor les facilita per comen\u00e7ar amb aquesta relaci\u00f3.<br \/><strong>Base legitimadora:<\/strong> Article 6.1 a); 6.1 b); 6.1 c); 6.1 f) RGPD<\/p>\n<p><strong>5.4. Sol\u00b7licitants d&#8217;ocupaci\u00f3:<\/strong><br \/>Per a aquesta categoria d&#8217;interessats, es tractaran dades curriculars, identificatives, de contacte i altres relacionades amb les seves caracter\u00edstiques professionals o personals, que seran aportades pel mateix sol\u00b7licitant en fer-nos arribar la seva candidatura.<br \/>La recopilaci\u00f3 de dades podr\u00e0 realitzar-se de manera presencial, per correu electr\u00f2nic, formularis web, en les entrevistes de selecci\u00f3 de personal (presencials o telem\u00e0tiques), fins i tot pot arribar-nos a trav\u00e9s d&#8217;algun col\u00b7laborador a qui li haguem delegat certes funcions. Per a m\u00e9s informaci\u00f3 consulteu la nostra.<br \/>\n<a href=\"https:\/\/esr.solar\/ca\/politica-de-sollicitants-docupacio\/\" target=\"_blank\" rel=\"noopener\">Pol\u00edtica de sol\u00b7licitants d&#8217;ocupaci\u00f3.<\/a><br \/><strong>Base legitimadora:<\/strong> Art\u00edculo 6.1 a); 6.1 b); 6.1 f) RGPD  <\/p>\n<p><strong>5.5. Usuaris de xarxes socials:<\/strong><br \/>Estem presents en diferents xarxes socials i podrem tractar dades identificatives, de contacte, comercials i altres dades que l&#8217;usuari habiliti perqu\u00e8 siguin visualitzades o compartides amb la resta d&#8217;usuaris de la xarxa social, fins i tot dades curr\u00edculums (p. ex., LinkedIn). Per a m\u00e9s informaci\u00f3 consulteu la nostra.<br \/>\n<a href=\"https:\/\/esr.solar\/ca\/politica-de-xarxes-socials\/\" target=\"_blank\" rel=\"noopener\">Pol\u00edtica de xarxes socials.<\/a><br \/><strong>Base legitimadora:<\/strong> Art\u00edculo 6.1 f) RGPD<\/p>\n<p><strong>5.6. Reclamants:<\/strong><br \/>Es tractaran dades de car\u00e0cter identificatiu, de contacte i informaci\u00f3 personal pr\u00f2pia o de tercers que la part reclamant ens remeti.<br \/><strong>Base legitimadora:<\/strong> Art\u00edculo 6.1 a); 6.1 c); 6.1 f) RGPD<\/p>\n<p><strong>5.7. Denunciants:<\/strong><br \/>Mitjan\u00e7ant el nostre canal intern de den\u00fancies es podran formular den\u00fancies de forma an\u00f2nima, per\u00f2 tamb\u00e9 ens podr\u00e0 proporcionar volunt\u00e0riament dades identificatives i de contacte, aix\u00ed com una altra informaci\u00f3 personal pr\u00f2pia o de tercers relacionats amb la den\u00fancia, segons el que disposa la Llei 2\/2023, de 20 de febrer, de protecci\u00f3 de les persones que informin sobre infraccions normatives i de lluita contra la corrupci\u00f3. M\u00e9s informaci\u00f3 en els termes del <a href=\"https:\/\/esr.solar\/ca\/canal-etic\/\">Canal intern de den\u00fancies<\/a> .<br \/><strong>Base legitimadora:<\/strong> Art\u00edculo 6.1 a); 6.1 c); 6.1 f) RGPD<\/p>\n<p><strong>5.8. Visitants:<\/strong><br \/>S\u2019assenyalaran dades d\u2019identificaci\u00f3, de contacte, empresa per a la qual treballa, motiu de la visita, sent aquestes recollides quan les proporcioni la pr\u00f2pia visita en sol\u00b7licitar accedir a les nostres instal\u00b7lacions o quan el seu interlocutor en la nostra entitat, ens les faciliti per permetre-li l\u2019acc\u00e9s a aquestes.<br \/><strong>Base legitimadora:<\/strong> Art\u00edculo 6.1 c); 6.1 f) RGPD<\/p>\n<p><strong>5.9. Usuaris web:<\/strong><br \/>En visitar la nostra web i nom\u00e9s si l&#8217;usuari ho autoritza expressament, es podran recopilar dades anal\u00edtiques (per exemple, temps de visita o p\u00e0gines visitades) fins i tot dades demogr\u00e0fiques (per exemple, sexe, edat, pa\u00eds o idioma). Per a m\u00e9s informaci\u00f3, visiteu la nostra<br \/>\n<a href=\"https:\/\/esr.solar\/ca\/politica-de-cookies\/\" target=\"_blank\" rel=\"noopener\">Pol\u00edtica de galetes<\/a><br \/><strong>Base legitimadora:<\/strong> Art\u00edculo 6.1 a) RGPD<\/p>\n<p><strong>5.10. M\u00e9s informaci\u00f3 per als interessats:<\/strong><br \/>Es posar\u00e0 a disposici\u00f3 dels interessats la informaci\u00f3 legalment establerta en les corresponents cl\u00e0usules informatives, incloses en els diferents suports de recollida de dades, de manera que la persona interessada decideixi lliurement i expressament si vol que les seves dades personals siguin tractades per la nostra entitat. Per disposar d\u2019informaci\u00f3 ampliada, s\u2019informar\u00e0 en aquestes cl\u00e0usules sobre com accedir a aquesta pol\u00edtica. <\/p>\n<p>Totes les categories i tipus de dades personals tractades quedaran degudament identificades en les corresponents activitats de tractament titularitat de la nostra entitat.<\/p>\n<ol start=\"6\">\n<li><strong>Per a qu\u00e8 seran tractats les seves dades?<\/strong><\/li>\n<\/ol>\n<p>En general, el tractament de dades personals realitzat per la nostra entitat t\u00e9 com a finalitat el compliment i manteniment de la relaci\u00f3 amb els diferents col\u00b7lectius de persones amb els quals ens relacionem.<\/p>\n<p>Depenent d\u2019aquesta relaci\u00f3, el tractament de les seves dades respon a diferents finalitats, i que amb car\u00e0cter enunciatiu i no limitatiu, detal\u00b7lem a continuaci\u00f3:<\/p>\n<p><strong>6.1. Clients:<\/strong><br \/>Dades personals seran tractades per identificar-lo, complir i mantenir la relaci\u00f3 precontractual i contractual, incl\u00f2s l&#8217;enviament de comunicacions comercials per diferents mitjans, atendre consultes, realitzar controls de qualitat i estad\u00edstiques comercials, gestions necess\u00e0ries per a la prestaci\u00f3 dels nostres serveis i venda de b\u00e9ns, per a la gesti\u00f3 comptable i de facturaci\u00f3, la transacci\u00f3 de b\u00e9ns i serveis, la gesti\u00f3 de cobraments, gesti\u00f3 d&#8217;incid\u00e8ncies, reclamacions i exercici de drets, aix\u00ed com per altres finalitats a les quals estiguem obligats per donar compliment a aquesta relaci\u00f3, a les lleis a les quals estem subjectes o per atendre els nostres interessos leg\u00edtims.<\/p>\n<p><strong>6.2. Sol\u00b7licitants d&#8217;informaci\u00f3:<\/strong><br \/>Tractarem les seves dades personals per atendre les sol\u00b7licituds d&#8217;informaci\u00f3 de qualsevol mena que vulgui traslladar-nos, per identificar-lo, per a l&#8217;enviament o lliurament de pressupostos i informaci\u00f3 sobre els b\u00e9ns i\/o serveis del seu inter\u00e8s, incloent en la nostra resposta (verbal o escrita) la informaci\u00f3 comercial relacionada amb la seva sol\u00b7licitud. Tamb\u00e9 realitzarem contactes de seguiment, per diferents mitjans, per con\u00e8ixer les decisions preses respecte a les propostes comercials que li haguem rem\u00e8s. <\/p>\n<p><strong>6.3. Sol\u00b7licitants d&#8217;ocupaci\u00f3:<\/strong><br \/>Les seves dades es tractaran per incloure&#8217;l en els nostres processos de selecci\u00f3 i borsa de treball, per identificar-lo, aix\u00ed com per contactar-lo i informar-lo sobre vacants, coordinaci\u00f3 d&#8217;entrevistes i altres assumptes relacionats amb la seva candidatura. Per a m\u00e9s informaci\u00f3, consulti la nostra<br \/>\n<a href=\"https:\/\/esr.solar\/ca\/politica-de-sollicitants-docupacio\/\" target=\"_blank\" rel=\"noopener\">Pol\u00edtica de sol\u00b7licitants d&#8217;ocupaci\u00f3.<\/a><\/p>\n<p><strong>6.4. Prove\u00efdors:<\/strong><br \/>Es tractaran les seves dades personals amb la finalitat de mantenir la relaci\u00f3 precontractual i contractual, complir la relaci\u00f3 comercial ja sigui per a la sol\u00b7licitud de pressupostos, per a la compra de b\u00e9ns o contractaci\u00f3 de serveis, per a realitzar consultes i identificar-lo, per a la gesti\u00f3 comptable i la transacci\u00f3 de b\u00e9ns i serveis, aix\u00ed com per a altres finalitats necess\u00e0ries per complir amb aquesta relaci\u00f3, amb les nostres obligacions legals i interessos leg\u00edtims.<\/p>\n<p><strong>6.5. Usuaris de xarxes socials:<\/strong><br \/>Tractarem les seves dades personals per mantenir la relaci\u00f3 com a usuaris de la mateixa xarxa social, per identificar-lo, per contactar amb vost\u00e8, compartir not\u00edcies o publicitat i tractar altres dades personals que l&#8217;usuari de la xarxa social permeti compartir amb la resta de components d&#8217;aquesta. Per a m\u00e9s informaci\u00f3, consulti la nostra<br \/>\n<a href=\"https:\/\/esr.solar\/ca\/politica-de-xarxes-socials\/\" target=\"_blank\" rel=\"noopener\">Pol\u00edtica de xarxes socials.<\/a><\/p>\n<p><strong>6.6. Reclamants:<\/strong><br \/>Les dades personals seran tractades per identificar-lo, gestionar la seva reclamaci\u00f3 i contactar-lo sobre l&#8217;estat d&#8217;aquesta, a m\u00e9s de complir amb les nostres obligacions legals i interessos leg\u00edtims.<\/p>\n<p><strong>6.7. Denunciants:<\/strong><br \/>Les dades personals que decideixi proporcionar-nos a la seva den\u00fancia seran tractades per registrar, gestionar la seva den\u00fancia, aix\u00ed com per identificar-lo i contactar-lo (excepte si la den\u00fancia \u00e9s an\u00f2nima) per a l&#8217;acusament de rebut de la seva den\u00fancia i per mantenir-lo informat sobre la situaci\u00f3 de les nostres investigacions en els terminis i termes establerts a la Llei 2\/2023, de 20. De la mateixa manera, podrem tractar les seves dades amb fonament en els nostres interessos leg\u00edtims i\/o quan sigui necessari per complir altres obligacions legals a qu\u00e8 estiguem subjectes. M\u00e9s informaci\u00f3 en els termes del <a href=\"https:\/\/esr.solar\/ca\/canal-etic\/\">Canal intern de den\u00fancies<\/a> .<\/p>\n<p><strong>6.8. Visitants:<\/strong><br \/>Dades de les visites a les nostres instal\u00b7lacions seran tractades per identificar-lo, per complir amb les nostres obligacions en mat\u00e8ria de prevenci\u00f3 de riscos laborals i per q\u00fcestions de seguretat i control d\u2019accessos.<\/p>\n<p><strong>6.9. Usuaris web:<\/strong><br \/>En acceptar la instal\u00b7laci\u00f3 de cookies quan es visita el nostre web es podran tractar dades amb diferents finalitats (per exemple, an\u00e0lisi de les visites). Per a m\u00e9s informaci\u00f3 visiteu la nostra<br \/>\n<a href=\"https:\/\/esr.solar\/ca\/politica-de-cookies\/\" target=\"_blank\" rel=\"noopener\">Pol\u00edtica de galetes<\/a><\/p>\n<p><strong>6.10. M\u00e9s informaci\u00f3 per als interessats:<\/strong><br \/>S&#8217;oferir\u00e0 als interessats la informaci\u00f3 legalment establerta a les corresponents cl\u00e0usules informatives incloses en els diferents mitjans de recollida de dades (per exemple, formularis, locucions, contractes, etc.) de manera que vost\u00e8 decideixi lliure i expressament si vol que les dades personals sol\u00b7licitades siguin tractades per la nostra entitat. En aquest mateix sentit, aquesta informaci\u00f3 es recordar\u00e0 en els diferents documents o comunicacions que compartim amb els interessats (per exemple, distintius, factures, avisos legals, etc.). <\/p>\n<p>En cas que la persona interessada no faciliti les dades que li sol\u00b7licitem o es proporcionin dades incompletes o err\u00f2nies, \u00e9s possible que no puguem atendre la seva sol\u00b7licitud d&#8217;informaci\u00f3 o relacionar-nos amb aquesta.<\/p>\n<p>Les dades no seran tractades ulteriorment ni amb finalitats diferents de les acceptades pels interessats.<\/p>\n<p>Les finalitats que motiven el tractament de dades personals quedaran degudament identificades en les corresponents activitats de tractament de titularitat de la nostra entitat.<\/p>\n<ol start=\"7\">\n<li><strong>Conservaci\u00f3 de dades<\/strong><\/li>\n<\/ol>\n<p>Les dades personals proporcionades es conservaran mentre mantenim la relaci\u00f3 amb la persona interessada i durant el temps necessari per complir amb la finalitat per a la qual s\u2019han recollit les dades.<\/p>\n<p>Un cop finalitzada aquesta relaci\u00f3, els mantindrem bloquejats en aquells casos en qu\u00e8 sigui necessari conservar-los, ja sigui fins a la prescripci\u00f3 de responsabilitats als efectes exclusius de reclamacions o accions legals, aix\u00ed com per complir amb les nostres obligacions legals, per exemple:<\/p>\n<table>\n<thead>\n<tr>\n<th>Interessats<\/th>\n<th>\u00c0mbit sectorial<\/th>\n<th>Base legal<\/th>\n<th>Termini de conservaci\u00f3<\/th>\n<\/tr>\n<\/thead>\n<tbody>\n<tr>\n<td>Clients \/ Prove\u00efdors<\/td>\n<td>Comptabilitat<\/td>\n<td>Art. 30.1 R.D. Codi de Comer\u00e7<\/td>\n<td>6 anys a partir de l\u2019\u00faltim assentament<\/td>\n<\/tr>\n<tr>\n<td>Clients \/ Prove\u00efdors<\/td>\n<td>Fiscal<\/td>\n<td>Art. 66 Llei General Tribut\u00e0ria 58\/2003<\/td>\n<td>Termini general: 4 anys. En cas de p\u00e8rdues durant l&#8217;exercici: 10 anys. Factures: 5 anys.  <\/td>\n<\/tr>\n<tr>\n<td>Qualsevol persona<\/td>\n<td>General<\/td>\n<td>Art. 1964.2 del Codi Civil<\/td>\n<td>5 anys: Les accions personals que no tinguin un termini especial prescriuen als cinc anys des que es pugui exigir el compliment de l&#8217;obligaci\u00f3. En les obligacions continuades de fer o no fer, el termini comen\u00e7ar\u00e0 cada vegada que s&#8217;incumpleixi. <\/td>\n<\/tr>\n<tr>\n<td>Sol\u00b7licitants d&#8217;ocupaci\u00f3<\/td>\n<td>Laboral<\/td>\n<td>Guia de relacions laborals de l&#8217;AEPD<\/td>\n<td>1 any<\/td>\n<\/tr>\n<tr>\n<td>Visitants<\/td>\n<td>Control d&#8217;acc\u00e9s a les instal\u00b7lacions<\/td>\n<td>Instrucci\u00f3 1\/1996 de l&#8217;AEPD<\/td>\n<td>1 mes<\/td>\n<\/tr>\n<tr>\n<td>Usuaris web<\/td>\n<td>\u00das de cookies<\/td>\n<td>Guia sobre l&#8217;\u00fas de cookies de l&#8217;AEPD<\/td>\n<td>24 mesos com a m\u00e0xim<\/td>\n<\/tr>\n<tr>\n<td>Sol\u00b7licitants d&#8217;informaci\u00f3<\/td>\n<td>Comercial \/ Legal<\/td>\n<td>Art. 20.1 a i d) Constituci\u00f3 Espanyola<\/td>\n<td>El menor temps possible o el que s&#8217;indiqui a les lleis<\/td>\n<\/tr>\n<tr>\n<td>Clients \/ Prove\u00efdors \/ Visitants \/ Sol\u00b7licitants d&#8217;ocupaci\u00f3 \/ Persones treballadores<\/td>\n<td>Videovigil\u00e0ncia<\/td>\n<td>Art. 22.3 LOPDGDD<\/td>\n<td>1 mes<\/td>\n<\/tr>\n<tr>\n<td>Clients<\/td>\n<td>Informaci\u00f3 d&#8217;usuari en prove\u00efdors de serveis d&#8217;internet<\/td>\n<td>Art. 5 Llei 25\/2007<\/td>\n<td>12 mesos des que es va fer la comunicaci\u00f3 (m\u00edn. 6 mesos \/ m\u00e0x. 2 anys segons normativa aplicable)<\/td>\n<\/tr>\n<tr>\n<td>Informants \/ Afectats<\/td>\n<td>Den\u00fancies (Canal Intern)<\/td>\n<td>Art. 26.2, 32.3 i 32.4 Llei 2\/2023<\/td>\n<td>En cas d&#8217;investigaci\u00f3: no superar\u00e0 els 10 anys.<br \/>\nTemps imprescindible per decidir sobre la proced\u00e8ncia d&#8217;iniciar la investigaci\u00f3.<br \/>Si s&#8217;acredita falta de veracitat: supressi\u00f3 immediata, excepte possible il\u00b7l\u00edcit penal.<br \/>Si passats 3 mesos no s&#8217;inicia la investigaci\u00f3: hauran de ser suprimides.<\/td>\n<\/tr>\n<\/tbody>\n<\/table>\n<p>Quan les dades deixin de ser necess\u00e0ries, la nostra entitat procedir\u00e0 a la seva supressi\u00f3 i destrucci\u00f3 de manera segura i confidencial.<\/p>\n<ol start=\"8\">\n<li><strong>Elaboraci\u00f3 de perfils<\/strong><\/li>\n<\/ol>\n<p>No elaborem perfils ni es prendran decisions automatitzades utilitzant les seves dades personals, per\u00f2 en cas de fer-ho se li informar\u00e0 i se sol\u00b7licitar\u00e0 autoritzaci\u00f3 pr\u00e8via per fer-ho.<\/p>\n<p>De la mateixa manera, t\u00e9 el dret d&#8217;oposar-se a aquest tipus de tractament en qualsevol moment dirigint-se en aquest sentit i per escrit a la nostra entitat a: <a href=\"mailto:hola@esr.solar\">hola@esr.solar.<\/a><\/p>\n<ol start=\"9\">\n<li><strong>Cessi\u00f3 de dades<\/strong><\/li>\n<\/ol>\n<p>Com a norma general, la nostra entitat no cedeix dades personals a tercers sense el consentiment previ; no obstant aix\u00f2, ser\u00e0 necessari cedir dades en els casos seg\u00fcents:<\/p>\n<p>En el cas dels nostres clients o prove\u00efdors, les seves dades personals podran ser cedides a entitats terceres per obligaci\u00f3 legal (per exemple, l&#8217;Ag\u00e8ncia Tribut\u00e0ria), o en aquells casos i a les entitats necess\u00e0ries per prestar els nostres serveis o pagar factures (per exemple, entitats banc\u00e0ries).<\/p>\n<p>Aix\u00ed mateix, les dades personals de clients o prove\u00efdors podran ser tractades per tercers als quals deleguem alguna de les nostres obligacions (p. ex., assessors comptables) i tots ells s&#8217;han comprom\u00e8s mitjan\u00e7ant un contracte d&#8217;encarregat del tractament a complir amb les mateixes mesures de seguretat implantades per la nostra entitat, aix\u00ed com a sotmetre&#8217;s al deure de secret i confidencialitat sobre les dades personals tractades, entre altres obligacions en mat\u00e8ria de protecci\u00f3 de dades personals.<\/p>\n<p>En el cas de sol\u00b7licitants d&#8217;ocupaci\u00f3, les seves dades no seran cedides a entitats terceres, llevat que legalment ens veiem obligats a fer-ho.<\/p>\n<p>Pel que fa als sol\u00b7licitants d&#8217;informaci\u00f3 o usuaris del nostre lloc web, les seves dades no seran cedides a entitats terceres, excepte en els sup\u00f2sits exposats anteriorment i informats en cada moment de la seva recopilaci\u00f3 i nom\u00e9s amb el seu consentiment expr\u00e9s, llevat que prevalgui el nostre inter\u00e8s leg\u00edtim o que legalment ens veiem obligats a fer-ho, en aquest cas no ser\u00e0 necessari el seu consentiment.<\/p>\n<p>En el cas dels denunciants, les seves dades podran ser tractades l\u00edcitament per altres persones diferents dels responsables del sistema intern d\u2019informaci\u00f3, aix\u00ed mateix, podran ser comunicades a tercers, quan resulti necessari per a l\u2019adopci\u00f3 de mesures correctores a la nostra entitat o la tramitaci\u00f3 dels procediments sancionadors o penals que, si escau, corresponguin (art. 32.2 Llei 2\/2023).<\/p>\n<p>En termes generals podrem cedir les seves dades personals als Jutges, Tribunals, Fiscalia i\/o a les Administracions P\u00fabliques competents davant possibles reclamacions quan hi estiguem obligats.<\/p>\n<ol start=\"10\">\n<li><strong>Transfer\u00e8ncia internacional de dades<\/strong><\/li>\n<\/ol>\n<p>En cas de cessi\u00f3 a entitats terceres situades en pa\u00efsos fora de l&#8217;Espai Econ\u00f2mic Europeu, informarem i sol\u00b7licitarem el consentiment previ i expr\u00e9s de les persones interessades.<\/p>\n<ol start=\"11\">\n<li><strong>Mesures de Seguretat<\/strong><\/li>\n<\/ol>\n<p>La nostra entitat ha implantat totes les mesures t\u00e8cniques i organitzatives necess\u00e0ries per protegir les dades personals tractades, evitant-ne la p\u00e8rdua, el robatori o l&#8217;\u00fas no autoritzat.<\/p>\n<p>Aquestes mesures s&#8217;han creat en funci\u00f3 del tipus de dades tractades i de les finalitats que motiven aquest tractament. Aquestes es verifiquen peri\u00f2dicament en els nostres controls interns de compliment de la normativa de protecci\u00f3 de dades personals i mitjan\u00e7ant auditories externes. <\/p>\n<ol start=\"12\">\n<li><strong>Els Seus Drets<\/strong><\/li>\n<\/ol>\n<p>Vost\u00e8, com a titular de les seves dades personals i actuant en el seu propi nom o mitjan\u00e7ant el seu representant, pot adre\u00e7ar-se a la nostra entitat en qualsevol moment i sol\u00b7licitar-nos exercir els seus drets en mat\u00e8ria de protecci\u00f3 de dades personals.<\/p>\n<p><strong>Us expliquem quins s\u00f3n aquests drets:<\/strong><\/p>\n<p><strong>12.1. Dret d&#8217;Acc\u00e9s:<\/strong><br \/>Vost\u00e8 t\u00e9 dret a con\u00e8ixer i sol\u00b7licitar-nos en qualsevol moment con\u00e8ixer la informaci\u00f3 seg\u00fcent:<\/p>\n<ul>\n<li>Si estem tractant o no les seves dades personals.<\/li>\n<li>Els fins del tractament, aix\u00ed com les categories de dades personals que es tractin.<\/li>\n<li>L&#8217;origen de les seves dades, en cas que vost\u00e8 no ens les proporcion\u00e9s.<\/li>\n<li>Els destinataris o categories de destinataris als quals s&#8217;han comunicat les meves dades personals, o seran comunicats, incloent-hi, si escau, destinataris a tercers o organitzacions internacionals.<\/li>\n<li>Informaci\u00f3n sobre las garant\u00edas adecuadas relativas a la transferencia de mis datos a un tercer pa\u00eds o a una organizaci\u00f3n internacional, en su caso.<\/li>\n<li>El termini previst de conservaci\u00f3, o en cas que no sigui possible, els criteris per determinar aquest termini.<\/li>\n<li>Si existeixen decisions automatitzades, inclosa l&#8217;elaboraci\u00f3 de perfils, informaci\u00f3 rellevant sobre la l\u00f2gica aplicada, aix\u00ed com la import\u00e0ncia i les conseq\u00fc\u00e8ncies previstes d&#8217;aquest tractament.<\/li>\n<li>C\u00f2pia de les seves dades personals que s\u00f3n objecte de tractament.<\/li>\n<\/ul>\n<p><strong>12.2. Dret de Rectificaci\u00f3:<\/strong><br \/>Sol\u00b7licitar-nos la rectificaci\u00f3 de les seves dades personals quan aquestes siguin inexactes, aix\u00ed com completar-les quan estiguin incompletes.<\/p>\n<p><strong>12.3. Dret d&#8217;Oposici\u00f3:<\/strong><br \/>Vost\u00e8 pot oposar-se a que tractem les seves dades quan aquestes siguin incorrectes o ja no sigui necessari el seu tractament.<\/p>\n<p>En el cas que vost\u00e8 actu\u00ef en qualitat de denunciat o persona afectada per una den\u00fancia en el marc de la Llei 2\/2023, no podr\u00e0 exercir el seu dret d&#8217;oposici\u00f3, ja que es presumeix (sota prova en contrari) que existeixen motius que legitimen el tractament de les seves dades personals, d&#8217;acord amb el disposat a l&#8217;article 31.4 de la Llei.<\/p>\n<p><strong>12.4. Dret de supressi\u00f3:<\/strong><br \/>Sol\u00b7licitar-nos que les seves dades siguin eliminades, per alguna d\u2019aquestes causes:<\/p>\n<ul>\n<li>Les seves dades ja no s\u00f3n necess\u00e0ries per als fins per als quals van ser recollides o tractades.<\/li>\n<li>Vost\u00e8 no ha donat el consentiment per al tractament de les seves dades.<\/li>\n<li>Quan hagi exercit el dret d&#8217;oposici\u00f3.<\/li>\n<li>Quan les dades hagin estat tractades il\u00b7legalment.<\/li>\n<li>Quan les dades hagin de ser eliminades per complir una obligaci\u00f3 legal.<\/li>\n<\/ul>\n<p><strong>12.5. Dret a la Limitaci\u00f3 del tractament:<\/strong><br \/>Podr\u00e0 sol\u00b7licitar-nos exercir aquest dret quan es doni algun o diversos d&#8217;aquests sup\u00f2sits:<\/p>\n<ul>\n<li>Quan vost\u00e8 impugni l&#8217;exactitud de les seves dades, durant un termini que permeti al responsable verificar-ne l&#8217;exactitud.<\/li>\n<li>Quan el tractament sigui il\u00b7l\u00edcit i vost\u00e8 s&#8217;oposi a la supressi\u00f3 de les seves dades i sol\u00b7liciti en canvi la limitaci\u00f3 del seu \u00fas.<\/li>\n<li>Quan ja no es necessitin les dades per als fins del tractament, per\u00f2 l\u2019interessat les necessiti per a la formulaci\u00f3, l\u2019exercici o la defensa de reclamacions.<\/li>\n<li>Quan vost\u00e8 s&#8217;hagi oposat al tractament en virtut de l&#8217;article 21, apartat 1, mentre es comprova si els motius leg\u00edtims del responsable prevalen sobre els de l&#8217;interessat.<\/li>\n<\/ul>\n<p><strong>12.6. Dret de portabilitat:<\/strong><br \/>Es refereix al dret d&#8217;obtenir les dades relacionades amb vost\u00e8, en un format estructurat, d&#8217;\u00fas com\u00fa i lectura mec\u00e0nica, aix\u00ed com de transmetre-les a un altre responsable per al seu posterior tractament.<\/p>\n<p><strong>12.7. Dret a no ser objecte de decisions automatitzades:<\/strong><br \/>Dret a no ser objecte d\u2019una decisi\u00f3 basada \u00fanicament en el tractament automatitzat, inclosa l\u2019elaboraci\u00f3 de perfils, que produeixi efectes jur\u00eddics sobre ell o l\u2019afecti significativament de manera similar.<\/p>\n<p><strong>12.8. Com pot exercir els seus drets<\/strong><br \/>Per exercir qualsevol dels seus drets, us heu d&#8217;adre\u00e7ar per escrit a ESR ENERGY SOLUTIONS SL, b\u00e9 per correu postal a l&#8217;adre\u00e7a: Carrer del Rierol del Soto, 6, 28914 Legan\u00e9s, Madrid o al correu electr\u00f2nic: <a href=\"mailto:hola@esr.solar\">hola@esr.solar<\/a> , manifestant els drets que voleu exercir. Si actua en representaci\u00f3 duna altra persona, haur\u00e0 dacreditar la seva representaci\u00f3. Si hi ha dubtes raonables en relaci\u00f3 amb la identitat de la persona que cursa la sol\u00b7licitud, podrem sol\u00b7licitar que es faciliti la informaci\u00f3 addicional necess\u00e0ria per confirmar-ne la identitat.<\/p>\n<p>Si desitja traslladar alguna sugger\u00e8ncia o consulta sobre el tractament de les seves dades personals, pot contactar amb el delegat de protecci\u00f3 de dades:<\/p>\n<p><strong>BUSINESS ADAPTER, S.L.<\/strong><br \/>Ronda Guglielmo Marconi, 11, 26, (Parc Tecnol\u00f2gic) 46980 Paterna (Val\u00e8ncia).<br \/><a href=\"https:\/\/www.businessadapter.es\/contacta-con-el-delegado-de-proteccion-de-datos\" target=\"_blank\" rel=\"noopener\">Formulari d&#8217;atenci\u00f3 a l&#8217;interessat<\/a><\/p>\n<p>Li informem que vost\u00e8 t\u00e9 dret a fer una reclamaci\u00f3 davant l&#8217;Ag\u00e8ncia Espanyola de Protecci\u00f3 de Dades a: C\/ Jorge Juan, 6, 28001 Madrid o a <a href=\"https:\/\/www.aepd.es\" target=\"_blank\" rel=\"noopener\">www.aepd.es.<\/a><\/p>\n<ol start=\"13\">\n<li><strong>Comprom\u00eds amb la Protecci\u00f3 de dades personals<\/strong><\/li>\n<\/ol>\n<p><strong>Objecte i \u00e0mbit d&#8217;aplicaci\u00f3<\/strong><br \/>Aquest comprom\u00eds pret\u00e9n complir amb la normativa europea i espanyola de protecci\u00f3 de dades i garantia de drets digitals (RGPD i LOPDGDD) i ser\u00e0 obligatori per a tots els departaments i persones treballadores de la nostra entitat, aix\u00ed com per a tercers que actu\u00efn en nom nostre.<\/p>\n<p><strong>Principis que regeixen el tractament de dades personals<\/strong><br \/>Tractarem les dades personals amb lleialtat, licitud, transpar\u00e8ncia, minimitzaci\u00f3 de les dades, exactitud, limitaci\u00f3 del termini de conservaci\u00f3, integritat, confidencialitat i responsabilitat activa. Queda prohibit el tractament de dades de categoria especial, segons el que disposa l&#8217;art. 9 del RGPD i la LOPDGDD. <\/p>\n<p><strong>Registre d&#8217;Activitats de Tractament<\/strong><br \/>La nostra entitat dur\u00e0 a terme un registre de les activitats de tractament per avaluar els riscos del tractament i implantar les mesures de seguretat necess\u00e0ries per garantir la confidencialitat, integritat, disponibilitat i termini de conservaci\u00f3 de les dades.<\/p>\n<p><strong>Avaluaci\u00f3 d&#8217;Impacte<\/strong><br \/>En cada activitat de tractament, s&#8217;analitza la necessitat d&#8217;elaborar una Avaluaci\u00f3 d&#8217;Impacte i es verifica si existeix un risc per als drets i llibertats dels interessats, amb l&#8217;objectiu de determinar si \u00e9s necessari aplicar mesures t\u00e8cniques i organitzatives addicionals que garanteixin els seus drets fonamentals.<\/p>\n<p><strong>Mesures de seguretat i violacions de seguretat<\/strong><br \/>S&#8217;aplicaran totes les mesures t\u00e8cniques i organitzatives necess\u00e0ries per a les dades personals tractades. En cas que es produeixi una violaci\u00f3 de seguretat, s&#8217;aplicar\u00e0 el Protocol d&#8217;Actuaci\u00f3 davant de Violacions de Seguretat, dissenyat a aquests efectes. <\/p>\n<p><strong>Drets de protecci\u00f3 de dades<\/strong><br \/>La nostra entitat atendr\u00e0 i respondr\u00e0 amb la major rapidesa i dilig\u00e8ncia possible, les sol\u00b7licituds d&#8217;exercici de drets o la informaci\u00f3 sobre la vulneraci\u00f3 d&#8217;aquests.<\/p>\n<p><strong>Garantia dels drets digitals en l&#8217;\u00e0mbit laboral<\/strong><br \/>S&#8217;aprovaran pol\u00edtiques que garanteixin els drets digitals de les persones treballadores i se&#8217;ls informar\u00e0 convenientment d&#8217;aix\u00f2. Aquestes potenciaran el dret a la conciliaci\u00f3 de l&#8217;activitat laboral, la vida personal i familiar. Aix\u00ed mateix, es garantir\u00e0 el dret a la informaci\u00f3 i a la seva intimitat. La nostra entitat podr\u00e0 exercir el control sobre el desenvolupament de les funcions laborals, dins dels l\u00edmits establerts a l&#8217;art. 20.3 de l&#8217;Estatut dels Treballadors.   <\/p>\n<p><strong>Formaci\u00f3<\/strong><br \/>Es formar\u00e0 totes les persones treballadores necess\u00e0ries, tant en mat\u00e8ria de protecci\u00f3 de dades com sobre els seus drets digitals en l\u2019\u00e0mbit laboral.<\/p>\n<p><strong>Control<\/strong><br \/>Comptem amb consultors externs que ens assessoren i auditen, amb l&#8217;objectiu de complir amb el RGPD i la LOPDGDD.<\/p>\n<ol start=\"14\">\n<li><strong>Actualitzaci\u00f3 d&#8217;aquesta Pol\u00edtica<\/strong><\/li>\n<\/ol>\n<p>La nostra entitat es reserva el dret de modificar aquesta Pol\u00edtica sense av\u00eds previ. Per aix\u00f2, recomanem consultar-la cada vegada que visiteu el nostre lloc web. <\/p>\n<\/div>\n[\/vc_column_text]\n[\/vc_column]\n[\/vc_row]\n","protected":false},"excerpt":{"rendered":"<p>[vc_row type=&#8221;in_container&#8221; full_screen_row_position=&#8221;middle&#8221; column_margin=&#8221;default&#8221; column_direction=&#8221;default&#8221; column_direction_tablet=&#8221;default&#8221; column_direction_phone=&#8221;default&#8221; scene_position=&#8221;center&#8221; text_color=&#8221;dark&#8221; text_align=&#8221;left&#8221; row_border_radius=&#8221;none&#8221; row_border_radius_applies=&#8221;bg&#8221; overlay_strength=&#8221;0.3&#8243; gradient_direction=&#8221;left_to_right&#8221; shape_divider_position=&#8221;bottom&#8221; bg_image_animation=&#8221;none&#8221;] [vc_column column_padding=&#8221;no-extra-padding&#8221; column_padding_tablet=&#8221;inherit&#8221; column_padding_phone=&#8221;inherit&#8221; column_padding_position=&#8221;all&#8221; column_element_spacing=&#8221;default&#8221; background_color_opacity=&#8221;1&#8243; background_hover_color_opacity=&#8221;1&#8243; column_shadow=&#8221;none&#8221; column_border_radius=&#8221;none&#8221; column_link_target=&#8221;_self&#8221; gradient_direction=&#8221;left_to_right&#8221; overlay_strength=&#8221;0.3&#8243; width=&#8221;1\/1&#8243;&#8230;<\/p>\n","protected":false},"author":3,"featured_media":0,"parent":0,"menu_order":0,"comment_status":"closed","ping_status":"closed","template":"","meta":{"om_disable_all_campaigns":false,"_glsr_average":0,"_glsr_ranking":0,"_glsr_reviews":0,"footnotes":""},"class_list":["post-1892","page","type-page","status-publish"],"yoast_head":"<!-- This site is optimized with the Yoast SEO plugin v24.1 - https:\/\/yoast.com\/wordpress\/plugins\/seo\/ -->\n<title>Pol\u00edtica de privacitat - ESR Energy Solutions<\/title>\n<meta name=\"robots\" content=\"index, follow, max-snippet:-1, max-image-preview:large, max-video-preview:-1\" \/>\n<link rel=\"canonical\" href=\"https:\/\/esr.solar\/ca\/politica-de-privacitat\/\" \/>\n<meta property=\"og:locale\" content=\"ca_ES\" \/>\n<meta property=\"og:type\" content=\"article\" \/>\n<meta property=\"og:title\" content=\"Pol\u00edtica de privacitat - ESR Energy Solutions\" \/>\n<meta property=\"og:description\" content=\"[vc_row type=&#8221;in_container&#8221; full_screen_row_position=&#8221;middle&#8221; column_margin=&#8221;default&#8221; column_direction=&#8221;default&#8221; column_direction_tablet=&#8221;default&#8221; column_direction_phone=&#8221;default&#8221; scene_position=&#8221;center&#8221; text_color=&#8221;dark&#8221; text_align=&#8221;left&#8221; row_border_radius=&#8221;none&#8221; row_border_radius_applies=&#8221;bg&#8221; overlay_strength=&#8221;0.3&#8243; gradient_direction=&#8221;left_to_right&#8221; shape_divider_position=&#8221;bottom&#8221; bg_image_animation=&#8221;none&#8221;] [vc_column column_padding=&#8221;no-extra-padding&#8221; column_padding_tablet=&#8221;inherit&#8221; column_padding_phone=&#8221;inherit&#8221; column_padding_position=&#8221;all&#8221; column_element_spacing=&#8221;default&#8221; background_color_opacity=&#8221;1&#8243; background_hover_color_opacity=&#8221;1&#8243; column_shadow=&#8221;none&#8221; column_border_radius=&#8221;none&#8221; column_link_target=&#8221;_self&#8221; gradient_direction=&#8221;left_to_right&#8221; overlay_strength=&#8221;0.3&#8243; width=&#8221;1\/1&#8243;...\" \/>\n<meta property=\"og:url\" content=\"https:\/\/esr.solar\/ca\/politica-de-privacitat\/\" \/>\n<meta property=\"og:site_name\" content=\"ESR Energy Solutions\" \/>\n<meta property=\"article:modified_time\" content=\"2026-02-11T12:28:45+00:00\" \/>\n<meta name=\"twitter:card\" content=\"summary_large_image\" \/>\n<meta name=\"twitter:label1\" content=\"Temps estimat de lectura\" \/>\n\t<meta name=\"twitter:data1\" content=\"24 minuts\" \/>\n<script type=\"application\/ld+json\" class=\"yoast-schema-graph\">{\"@context\":\"https:\/\/schema.org\",\"@graph\":[{\"@type\":\"WebPage\",\"@id\":\"https:\/\/esr.solar\/ca\/politica-de-privacitat\/\",\"url\":\"https:\/\/esr.solar\/ca\/politica-de-privacitat\/\",\"name\":\"Pol\u00edtica de privacitat - ESR Energy Solutions\",\"isPartOf\":{\"@id\":\"https:\/\/esr.solar\/#website\"},\"datePublished\":\"2021-08-09T12:22:15+00:00\",\"dateModified\":\"2026-02-11T12:28:45+00:00\",\"breadcrumb\":{\"@id\":\"https:\/\/esr.solar\/ca\/politica-de-privacitat\/#breadcrumb\"},\"inLanguage\":\"ca\",\"potentialAction\":[{\"@type\":\"ReadAction\",\"target\":[\"https:\/\/esr.solar\/ca\/politica-de-privacitat\/\"]}]},{\"@type\":\"BreadcrumbList\",\"@id\":\"https:\/\/esr.solar\/ca\/politica-de-privacitat\/#breadcrumb\",\"itemListElement\":[{\"@type\":\"ListItem\",\"position\":1,\"name\":\"Portada\",\"item\":\"https:\/\/esr.solar\/ca\/home\/\"},{\"@type\":\"ListItem\",\"position\":2,\"name\":\"Pol\u00edtica de privacitat\"}]},{\"@type\":\"WebSite\",\"@id\":\"https:\/\/esr.solar\/#website\",\"url\":\"https:\/\/esr.solar\/\",\"name\":\"ESR Energy Solutions\",\"description\":\"\",\"potentialAction\":[{\"@type\":\"SearchAction\",\"target\":{\"@type\":\"EntryPoint\",\"urlTemplate\":\"https:\/\/esr.solar\/?s={search_term_string}\"},\"query-input\":{\"@type\":\"PropertyValueSpecification\",\"valueRequired\":true,\"valueName\":\"search_term_string\"}}],\"inLanguage\":\"ca\"}]}<\/script>\n<!-- \/ Yoast SEO plugin. -->","yoast_head_json":{"title":"Pol\u00edtica de privacitat - ESR Energy Solutions","robots":{"index":"index","follow":"follow","max-snippet":"max-snippet:-1","max-image-preview":"max-image-preview:large","max-video-preview":"max-video-preview:-1"},"canonical":"https:\/\/esr.solar\/ca\/politica-de-privacitat\/","og_locale":"ca_ES","og_type":"article","og_title":"Pol\u00edtica de privacitat - ESR Energy Solutions","og_description":"[vc_row type=&#8221;in_container&#8221; full_screen_row_position=&#8221;middle&#8221; column_margin=&#8221;default&#8221; column_direction=&#8221;default&#8221; column_direction_tablet=&#8221;default&#8221; column_direction_phone=&#8221;default&#8221; scene_position=&#8221;center&#8221; text_color=&#8221;dark&#8221; text_align=&#8221;left&#8221; row_border_radius=&#8221;none&#8221; row_border_radius_applies=&#8221;bg&#8221; overlay_strength=&#8221;0.3&#8243; gradient_direction=&#8221;left_to_right&#8221; shape_divider_position=&#8221;bottom&#8221; bg_image_animation=&#8221;none&#8221;] [vc_column column_padding=&#8221;no-extra-padding&#8221; column_padding_tablet=&#8221;inherit&#8221; column_padding_phone=&#8221;inherit&#8221; column_padding_position=&#8221;all&#8221; column_element_spacing=&#8221;default&#8221; background_color_opacity=&#8221;1&#8243; background_hover_color_opacity=&#8221;1&#8243; column_shadow=&#8221;none&#8221; column_border_radius=&#8221;none&#8221; column_link_target=&#8221;_self&#8221; gradient_direction=&#8221;left_to_right&#8221; overlay_strength=&#8221;0.3&#8243; width=&#8221;1\/1&#8243;...","og_url":"https:\/\/esr.solar\/ca\/politica-de-privacitat\/","og_site_name":"ESR Energy Solutions","article_modified_time":"2026-02-11T12:28:45+00:00","twitter_card":"summary_large_image","twitter_misc":{"Temps estimat de lectura":"24 minuts"},"schema":{"@context":"https:\/\/schema.org","@graph":[{"@type":"WebPage","@id":"https:\/\/esr.solar\/ca\/politica-de-privacitat\/","url":"https:\/\/esr.solar\/ca\/politica-de-privacitat\/","name":"Pol\u00edtica de privacitat - ESR Energy Solutions","isPartOf":{"@id":"https:\/\/esr.solar\/#website"},"datePublished":"2021-08-09T12:22:15+00:00","dateModified":"2026-02-11T12:28:45+00:00","breadcrumb":{"@id":"https:\/\/esr.solar\/ca\/politica-de-privacitat\/#breadcrumb"},"inLanguage":"ca","potentialAction":[{"@type":"ReadAction","target":["https:\/\/esr.solar\/ca\/politica-de-privacitat\/"]}]},{"@type":"BreadcrumbList","@id":"https:\/\/esr.solar\/ca\/politica-de-privacitat\/#breadcrumb","itemListElement":[{"@type":"ListItem","position":1,"name":"Portada","item":"https:\/\/esr.solar\/ca\/home\/"},{"@type":"ListItem","position":2,"name":"Pol\u00edtica de privacitat"}]},{"@type":"WebSite","@id":"https:\/\/esr.solar\/#website","url":"https:\/\/esr.solar\/","name":"ESR Energy Solutions","description":"","potentialAction":[{"@type":"SearchAction","target":{"@type":"EntryPoint","urlTemplate":"https:\/\/esr.solar\/?s={search_term_string}"},"query-input":{"@type":"PropertyValueSpecification","valueRequired":true,"valueName":"search_term_string"}}],"inLanguage":"ca"}]}},"_links":{"self":[{"href":"https:\/\/esr.solar\/ca\/wp-json\/wp\/v2\/pages\/1892"}],"collection":[{"href":"https:\/\/esr.solar\/ca\/wp-json\/wp\/v2\/pages"}],"about":[{"href":"https:\/\/esr.solar\/ca\/wp-json\/wp\/v2\/types\/page"}],"author":[{"embeddable":true,"href":"https:\/\/esr.solar\/ca\/wp-json\/wp\/v2\/users\/3"}],"replies":[{"embeddable":true,"href":"https:\/\/esr.solar\/ca\/wp-json\/wp\/v2\/comments?post=1892"}],"version-history":[{"count":13,"href":"https:\/\/esr.solar\/ca\/wp-json\/wp\/v2\/pages\/1892\/revisions"}],"predecessor-version":[{"id":1951,"href":"https:\/\/esr.solar\/ca\/wp-json\/wp\/v2\/pages\/1892\/revisions\/1951"}],"wp:attachment":[{"href":"https:\/\/esr.solar\/ca\/wp-json\/wp\/v2\/media?parent=1892"}],"curies":[{"name":"wp","href":"https:\/\/api.w.org\/{rel}","templated":true}]}}