{"id":1904,"date":"2026-01-15T15:39:57","date_gmt":"2026-01-15T15:39:57","guid":{"rendered":"https:\/\/esr.solar\/politica-de-sollicitants-docupacio\/"},"modified":"2026-01-15T15:39:57","modified_gmt":"2026-01-15T15:39:57","slug":"politica-de-sollicitants-docupacio","status":"publish","type":"page","link":"https:\/\/esr.solar\/ca\/politica-de-sollicitants-docupacio\/","title":{"rendered":"Pol\u00edtica de sol\u00b7licitants d&#8217;ocupaci\u00f3"},"content":{"rendered":"<div id=\"legales\">\n<h2 style=\"text-align:center;\">Pol\u00edtica de Sol\u00b7licituds de Feina<\/h2>\n<ol>\n<li><strong>Identificaci\u00f3 del Responsable del tractament<\/strong><\/li>\n<\/ol>\n<table>\n<tbody>\n<tr>\n<td><strong>Entitat:<\/strong><\/td>\n<td>ESR ENERGY SOLUTIONS S.L.<\/td>\n<\/tr>\n<tr>\n<td><strong>CIF\/NIF:<\/strong><\/td>\n<td>B67677708<\/td>\n<\/tr>\n<tr>\n<td>Adre\u00e7a postal:<\/td>\n<td>Carrer del Arroyo del Soto, 6, 28914 Legan\u00e9s, Madrid<\/td>\n<\/tr>\n<tr>\n<td><strong>Tel\u00e8fon:<\/strong><\/td>\n<td> 931712087<\/td>\n<\/tr>\n<tr><strong><\/p>\n<td>Correu electr\u00f2nic: <\/td>\n<p><\/strong><\/p>\n<td><a href=\"mailto:hola@esr.solar\">hola@esr.solar<\/a><\/td>\n<\/tr>\n<tr>\n<td>Objecte Social:<\/td>\n<td>Comer\u00e7 de productes diversos<\/td>\n<\/tr>\n<tr>\n<td><strong>Lloc web:<\/strong><\/td>\n<td><a href=\"https:\/\/esr.solar\/\" target=\"_blank\" rel=\"noopener\">https:\/\/esr.solar\/<\/a><\/td>\n<\/tr>\n<tr>\n<td><strong>Dades registrals:<\/strong><\/td>\n<td>Registre Mercantil de Barcelona Tomo 11077, Llibre 8355, Full 195, Secci\u00f3 8, Fitxa V 201291<\/td>\n<\/tr>\n<\/tbody>\n<\/table>\n<ol start=\"2\">\n<li><strong>Identificaci\u00f3 del Delegat de Protecci\u00f3 de Dades<\/strong><\/li>\n<\/ol>\n<p>La nostra entitat ha designat un Delegat de Protecci\u00f3 de Dades al qual pot dirigir els seus dubtes o reclamacions sobre el tractament de les seves dades personals, indicant el nom de la nostra empresa o el nom comercial. Pot contactar-lo per aquests mitjans: <\/p>\n<p><strong>BUSINESS ADAPTER, S.L.<\/strong><br \/>\nRonda Guglielmo Marconi, 11, 26, (Parc Tecnol\u00f2gic) 46980 Paterna (Val\u00e8ncia).<br \/><strong>Correu electr\u00f2nic:<\/strong> <a href=\"mailto:info@businessadapter.es\">info@businessadapter.es<\/a> (ref. esr) o mitjan\u00e7ant el<br \/><a href=\"https:\/\/www.businessadapter.es\/contacta-con-el-delegado-de-proteccion-de-datos\" target=\"_blank\" rel=\"noopener\">Formulari d\u2019atenci\u00f3 a l\u2019interessat.<\/a>\n  <\/p>\n<ol start=\"3\">\n<li><strong>Dades personals tractades<\/strong><\/li>\n<\/ol>\n<p>Les dades personals que tractarem en qualsevol sol\u00b7licitud de feina seran les convencionalment establertes per a aquests casos, com per exemple, dades identificatives i de contacte, traject\u00f2ria acad\u00e8mica i professional, qualsevol informaci\u00f3 que el candidat vulgui compartir volunt\u00e0riament amb la nostra entitat, aix\u00ed com altres dades que recopilem durant les entrevistes relacionades amb el proc\u00e9s de selecci\u00f3 i contractaci\u00f3.<\/p>\n<p>De la mateixa manera, a trav\u00e9s de la nostra plataforma digital d&#8217;ocupaci\u00f3, es podran tractar dades relacionades amb l\u2019adre\u00e7a IP, el sistema operatiu utilitzat per l\u2019usuari, el navegador, la data i hora d\u2019acc\u00e9s i els fitxers de registre.<\/p>\n<ol start=\"4\">\n<li><strong>Finalidad del tratamiento de datos personales<\/strong><\/li>\n<\/ol>\n<p>El tractament de les dades personals que ens facilitin els sol\u00b7licitants de feina ser\u00e0 exclusivament per valorar la seva candidatura, contactar amb ell per a possibles entrevistes i sobre el proc\u00e9s de selecci\u00f3, mantenir-lo informat de les diferents vacants que es produeixin a la nostra organitzaci\u00f3 si n\u2019autoritza, i la possible contractaci\u00f3 laboral en cas que es produeixi. Les comunicacions es realitzaran pels mitjans de contacte que ens faciliti a la seva sol\u00b7licitud de feina (per exemple, tel\u00e8fon o correu electr\u00f2nic). <\/p>\n<p>Les seves dades tamb\u00e9 es podran utilitzar per sol\u00b7licitar refer\u00e8ncies sobre la seva traject\u00f2ria professional a les empreses en qu\u00e8 ens hagi informat que ha treballat.<\/p>\n<p>En el cas que sigui procedent o que vost\u00e8 consideri que ha de informar-nos sobre el seu grau de minusvalidesa, intoler\u00e0ncies, al\u00b7l\u00e8rgies o algun altre dada sobre la seva salut i relacionada amb el lloc de treball sol\u00b7licitat, l\u2019informem que aquestes dades seran tractades per donar compliment a l\u2019article 15 de la Llei 31\/1995 de Prevenci\u00f3 de Riscos Laborals en el qual hem de con\u00e8ixer aquesta dada per adaptar el lloc de treball a les necessitats de l\u2019empleat, aix\u00ed com amb el Reial decret legislatiu 1\/2013, de 29 de novembre, pel qual s\u2019aprova el Text Ref\u00f3s de la Llei General de drets de les persones amb discapacitat i de la seva inclusi\u00f3 social. Qualsevol altra dada innecess\u00e0ria per a l\u2019objecte d\u2019aquesta sol\u00b7licitud, la destruirem de manera confidencial. <\/p>\n<ol start=\"5\">\n<li><strong>Legitimaci\u00f3<\/strong><\/li>\n<\/ol>\n<p>El tractament de les seves dades personals per part de la nostra entitat es realitzar\u00e0 amb el seu consentiment expr\u00e9s, lliure, informat i inequ\u00edvoc, ja que li informem de la present pol\u00edtica i, despr\u00e9s de la seva lectura i si hi est\u00e0 d\u2019acord, pot autoritzar volunt\u00e0riament el tractament de les seves dades mitjan\u00e7ant la marcaci\u00f3 de les caselles disposades a tal efecte en els nostres formularis.<\/p>\n<p>A aquest respecte, l&#8217;informem que en qualsevol moment pot canviar d&#8217;opini\u00f3 i retirar el seu consentiment dirigint-se a la nostra adre\u00e7a postal o correu electr\u00f2nic.<\/p>\n<p>En el cas que l&#8217;usuari sigui menor de 16 anys, no tractarem les seves dades personals, ja que aquesta \u00e9s l&#8217;edat m\u00ednima laboral a Espanya. L&#8217;usuari \u00e9s l&#8217;\u00fanic responsable de la veracitat de les dades que ens envia. <\/p>\n<ol start=\"6\">\n<li><strong>Mesures de seguretat<\/strong><\/li>\n<\/ol>\n<p>Garantim el bon \u00fas de la informaci\u00f3, la confidencialitat de les dades personals contingudes en la seva sol\u00b7licitud de feina, aplicant totes les mesures de seguretat necess\u00e0ries per vetllar per la seva integritat, confidencialitat i disponibilitat. En definitiva, complir amb les obligacions que la nostra entitat t\u00e9 en mat\u00e8ria de protecci\u00f3 de dades personals. <\/p>\n<ol start=\"7\">\n<li><strong>Cessi\u00f3 de dades<\/strong><\/li>\n<\/ol>\n<p>La nostra entitat l\u2019informa que les seves dades personals no seran cedides a tercers, excepte que hi hagi el seu consentiment previ, en aquest cas li sol\u00b7licitarem el seu consentiment mitjan\u00e7ant les caselles disposades a tal efecte en els formularis de sol\u00b7licitud de feina i amb la deguda informaci\u00f3 perqu\u00e8 el seu consentiment sigui informat i lliure.<\/p>\n<p>En certes candidatures, \u00e9s possible que la nostra entitat compti amb empreses del nostre grup o prove\u00efdors especialitzats en processos de selecci\u00f3, en aquest cas seran considerats encarregats del tractament amb els quals signarem el corresponent contracte de confidencialitat i comprom\u00eds d\u2019adoptar totes les mesures de seguretat necess\u00e0ries per protegir les seves dades.<\/p>\n<ol start=\"8\">\n<li><strong>Conservaci\u00f3 de les seves dades<\/strong><\/li>\n<\/ol>\n<p>Dades personals proporcionades com a sol\u00b7licitant d&#8217;ocupaci\u00f3 es conservaran fins a l&#8217;ocupaci\u00f3 d&#8217;un lloc de treball o durant un termini m\u00e0xim d&#8217;un (1) any, tret que ens hagi autoritzat expressament a incloure\u2019l a la nostra borsa de treball, en aquest cas, es conservaran durant el temps necessari per considerar la seva candidatura davant possibles vacants i contactar-lo per informar-lo al respecte.<\/p>\n<ol start=\"9\">\n<li><strong>Drets dels candidats<\/strong><\/li>\n<\/ol>\n<p>Mantindrem les seves dades com a sol\u00b7licitant de feina segons el que s&#8217;ha exposat o fins que vost\u00e8 exerceixi el seu dret de supressi\u00f3; per tant, t\u00e9 dret a accedir a les seves dades personals, rectificar les dades inexactes, oposar-se o limitar en qualsevol moment el tractament de les seves dades personals, fins i tot sol\u00b7licitar-ne la portabilitat o revocar el seu consentiment.<\/p>\n<p>Per exercir els seus drets, haur\u00e0 de fer-ho per escrit a <a href=\"mailto:hola@esr.solar\">hola@esr.solar<\/a>. En cas d&#8217;actuar en representaci\u00f3 d&#8217;una altra persona, haur\u00e0 d&#8217;acreditar aquesta representaci\u00f3. <\/p>\n<p>Si desitja traslladar alguna sugger\u00e8ncia o consulta sobre el tractament de les seves dades personals, pot contactar amb el delegat de protecci\u00f3 de dades:<br \/><strong>BUSINESS ADAPTER, S.L.<\/strong><br \/>Ronda Guglielmo Marconi, 11, 26, (Parc Tecnol\u00f2gic) 46980 Paterna (Val\u00e8ncia).<br \/><a href=\"https:\/\/www.businessadapter.es\/contacta-con-el-delegado-de-proteccion-de-datos\" target=\"_blank\" rel=\"noopener\">Formulari d&#8217;atenci\u00f3 a l&#8217;interessat<\/a>\n  <\/p>\n<p>Li informem que vost\u00e8 t\u00e9 dret a fer una reclamaci\u00f3 davant l&#8217;Ag\u00e8ncia Espanyola de Protecci\u00f3 de Dades a: C\/ Jorge Juan, 6, 28001 Madrid o a <a href=\"https:\/\/www.aepd.es\/\" target=\"_blank\" rel=\"noopener\">www.aepd.es.<\/a><\/p>\n<ol start=\"10\">\n<li><strong>M\u00e9s informaci\u00f3<\/strong><\/li>\n<\/ol>\n<p>Podeu saber-ne m\u00e9s sobre com tractem les dades personals a la nostra<br \/>\n<strong><a href=\"https:\/\/esr.solar\/politica-de-privacidad\/\" target=\"_blank\" rel=\"noopener\">Pol\u00edtica de Privacitat.<\/a><\/strong>\n  <\/p>\n<ol start=\"11\">\n<li><strong>Actualitzaci\u00f3 d&#8217;aquesta Pol\u00edtica<\/strong><\/li>\n<\/ol>\n<p>La nostra entitat es reserva el dret de modificar aquesta Pol\u00edtica sense av\u00eds previ. Per aix\u00f2, recomanem consultar-la cada vegada que visiteu el nostre lloc web. <\/p>\n<\/div>\n","protected":false},"excerpt":{"rendered":"<p>Pol\u00edtica de Sol\u00b7licituds de Feina Identificaci\u00f3 del Responsable del tractament Entitat: ESR ENERGY SOLUTIONS S.L. CIF\/NIF: B67677708 Adre\u00e7a postal: Carrer del Arroyo del Soto, 6, 28914 Legan\u00e9s, Madrid Tel\u00e8fon: 931712087&#8230;<\/p>\n","protected":false},"author":3,"featured_media":0,"parent":0,"menu_order":0,"comment_status":"closed","ping_status":"closed","template":"","meta":{"om_disable_all_campaigns":false,"_glsr_average":0,"_glsr_ranking":0,"_glsr_reviews":0,"footnotes":""},"class_list":["post-1904","page","type-page","status-publish"],"yoast_head":"<!-- This site is optimized with the Yoast SEO plugin v24.1 - https:\/\/yoast.com\/wordpress\/plugins\/seo\/ -->\n<title>Pol\u00edtica de sol\u00b7licitants d&#039;ocupaci\u00f3 - ESR Energy Solutions<\/title>\n<meta name=\"robots\" content=\"index, follow, max-snippet:-1, max-image-preview:large, max-video-preview:-1\" \/>\n<link rel=\"canonical\" href=\"https:\/\/esr.solar\/politica-de-sollicitants-docupacio\/\" \/>\n<meta property=\"og:locale\" content=\"ca_ES\" \/>\n<meta property=\"og:type\" content=\"article\" \/>\n<meta property=\"og:title\" content=\"Pol\u00edtica de sol\u00b7licitants d&#039;ocupaci\u00f3 - ESR Energy Solutions\" \/>\n<meta property=\"og:description\" content=\"Pol\u00edtica de Sol\u00b7licituds de Feina Identificaci\u00f3 del Responsable del tractament Entitat: ESR ENERGY SOLUTIONS S.L. CIF\/NIF: B67677708 Adre\u00e7a postal: Carrer del Arroyo del Soto, 6, 28914 Legan\u00e9s, Madrid Tel\u00e8fon: 931712087...\" \/>\n<meta property=\"og:url\" content=\"https:\/\/esr.solar\/politica-de-sollicitants-docupacio\/\" \/>\n<meta property=\"og:site_name\" content=\"ESR Energy Solutions\" \/>\n<meta name=\"twitter:card\" content=\"summary_large_image\" \/>\n<meta name=\"twitter:label1\" content=\"Temps estimat de lectura\" \/>\n\t<meta name=\"twitter:data1\" content=\"6 minuts\" \/>\n<script type=\"application\/ld+json\" class=\"yoast-schema-graph\">{\"@context\":\"https:\/\/schema.org\",\"@graph\":[{\"@type\":\"WebPage\",\"@id\":\"https:\/\/esr.solar\/politica-de-sollicitants-docupacio\/\",\"url\":\"https:\/\/esr.solar\/politica-de-sollicitants-docupacio\/\",\"name\":\"Pol\u00edtica de sol\u00b7licitants d'ocupaci\u00f3 - ESR Energy Solutions\",\"isPartOf\":{\"@id\":\"https:\/\/esr.solar\/#website\"},\"datePublished\":\"2026-01-15T15:39:57+00:00\",\"dateModified\":\"2026-01-15T15:39:57+00:00\",\"breadcrumb\":{\"@id\":\"https:\/\/esr.solar\/politica-de-sollicitants-docupacio\/#breadcrumb\"},\"inLanguage\":\"ca\",\"potentialAction\":[{\"@type\":\"ReadAction\",\"target\":[\"https:\/\/esr.solar\/politica-de-sollicitants-docupacio\/\"]}]},{\"@type\":\"BreadcrumbList\",\"@id\":\"https:\/\/esr.solar\/politica-de-sollicitants-docupacio\/#breadcrumb\",\"itemListElement\":[{\"@type\":\"ListItem\",\"position\":1,\"name\":\"Portada\",\"item\":\"https:\/\/esr.solar\/ca\/home\/\"},{\"@type\":\"ListItem\",\"position\":2,\"name\":\"Pol\u00edtica de sol\u00b7licitants d&#8217;ocupaci\u00f3\"}]},{\"@type\":\"WebSite\",\"@id\":\"https:\/\/esr.solar\/#website\",\"url\":\"https:\/\/esr.solar\/\",\"name\":\"ESR Energy Solutions\",\"description\":\"\",\"potentialAction\":[{\"@type\":\"SearchAction\",\"target\":{\"@type\":\"EntryPoint\",\"urlTemplate\":\"https:\/\/esr.solar\/?s={search_term_string}\"},\"query-input\":{\"@type\":\"PropertyValueSpecification\",\"valueRequired\":true,\"valueName\":\"search_term_string\"}}],\"inLanguage\":\"ca\"}]}<\/script>\n<!-- \/ Yoast SEO plugin. -->","yoast_head_json":{"title":"Pol\u00edtica de sol\u00b7licitants d'ocupaci\u00f3 - ESR Energy Solutions","robots":{"index":"index","follow":"follow","max-snippet":"max-snippet:-1","max-image-preview":"max-image-preview:large","max-video-preview":"max-video-preview:-1"},"canonical":"https:\/\/esr.solar\/politica-de-sollicitants-docupacio\/","og_locale":"ca_ES","og_type":"article","og_title":"Pol\u00edtica de sol\u00b7licitants d'ocupaci\u00f3 - ESR Energy Solutions","og_description":"Pol\u00edtica de Sol\u00b7licituds de Feina Identificaci\u00f3 del Responsable del tractament Entitat: ESR ENERGY SOLUTIONS S.L. CIF\/NIF: B67677708 Adre\u00e7a postal: Carrer del Arroyo del Soto, 6, 28914 Legan\u00e9s, Madrid Tel\u00e8fon: 931712087...","og_url":"https:\/\/esr.solar\/politica-de-sollicitants-docupacio\/","og_site_name":"ESR Energy Solutions","twitter_card":"summary_large_image","twitter_misc":{"Temps estimat de lectura":"6 minuts"},"schema":{"@context":"https:\/\/schema.org","@graph":[{"@type":"WebPage","@id":"https:\/\/esr.solar\/politica-de-sollicitants-docupacio\/","url":"https:\/\/esr.solar\/politica-de-sollicitants-docupacio\/","name":"Pol\u00edtica de sol\u00b7licitants d'ocupaci\u00f3 - ESR Energy Solutions","isPartOf":{"@id":"https:\/\/esr.solar\/#website"},"datePublished":"2026-01-15T15:39:57+00:00","dateModified":"2026-01-15T15:39:57+00:00","breadcrumb":{"@id":"https:\/\/esr.solar\/politica-de-sollicitants-docupacio\/#breadcrumb"},"inLanguage":"ca","potentialAction":[{"@type":"ReadAction","target":["https:\/\/esr.solar\/politica-de-sollicitants-docupacio\/"]}]},{"@type":"BreadcrumbList","@id":"https:\/\/esr.solar\/politica-de-sollicitants-docupacio\/#breadcrumb","itemListElement":[{"@type":"ListItem","position":1,"name":"Portada","item":"https:\/\/esr.solar\/ca\/home\/"},{"@type":"ListItem","position":2,"name":"Pol\u00edtica de sol\u00b7licitants d&#8217;ocupaci\u00f3"}]},{"@type":"WebSite","@id":"https:\/\/esr.solar\/#website","url":"https:\/\/esr.solar\/","name":"ESR Energy Solutions","description":"","potentialAction":[{"@type":"SearchAction","target":{"@type":"EntryPoint","urlTemplate":"https:\/\/esr.solar\/?s={search_term_string}"},"query-input":{"@type":"PropertyValueSpecification","valueRequired":true,"valueName":"search_term_string"}}],"inLanguage":"ca"}]}},"_links":{"self":[{"href":"https:\/\/esr.solar\/ca\/wp-json\/wp\/v2\/pages\/1904"}],"collection":[{"href":"https:\/\/esr.solar\/ca\/wp-json\/wp\/v2\/pages"}],"about":[{"href":"https:\/\/esr.solar\/ca\/wp-json\/wp\/v2\/types\/page"}],"author":[{"embeddable":true,"href":"https:\/\/esr.solar\/ca\/wp-json\/wp\/v2\/users\/3"}],"replies":[{"embeddable":true,"href":"https:\/\/esr.solar\/ca\/wp-json\/wp\/v2\/comments?post=1904"}],"version-history":[{"count":0,"href":"https:\/\/esr.solar\/ca\/wp-json\/wp\/v2\/pages\/1904\/revisions"}],"wp:attachment":[{"href":"https:\/\/esr.solar\/ca\/wp-json\/wp\/v2\/media?parent=1904"}],"curies":[{"name":"wp","href":"https:\/\/api.w.org\/{rel}","templated":true}]}}