{"id":1905,"date":"2026-01-15T15:37:56","date_gmt":"2026-01-15T15:37:56","guid":{"rendered":"https:\/\/esr.solar\/politica-de-xarxes-socials\/"},"modified":"2026-02-11T12:29:29","modified_gmt":"2026-02-11T12:29:29","slug":"politica-de-xarxes-socials","status":"publish","type":"page","link":"https:\/\/esr.solar\/ca\/politica-de-xarxes-socials\/","title":{"rendered":"Pol\u00edtica de Xarxes Socials"},"content":{"rendered":"<div id=\"legales\">\n<h2 style=\"text-align:center;\">Pol\u00edtica de Xarxes Socials<\/h2>\n<ol>\n<li><strong>Identificaci\u00f3 del Responsable del Tractament<\/strong><\/li>\n<\/ol>\n<table>\n<tbody>\n<tr>\n<td><strong>Entitat:<\/strong><\/td>\n<td>ESR ENERGY SOLUTIONS S.L.<\/td>\n<\/tr>\n<tr>\n<td><strong>CIF\/NIF:<\/strong><\/td>\n<td>B67677708<\/td>\n<\/tr>\n<tr>\n<td><strong>Adre\u00e7a postal:<\/strong><\/td>\n<td>Carrer de l&#8217;Arroyo del Soto, 6, 28914 Legan\u00e9s, Madrid<\/td>\n<\/tr>\n<tr>\n<td><strong>Tel\u00e8fon:<\/strong><\/td>\n<td>931712087<\/td>\n<\/tr>\n<tr>\n<td><strong>Correu electr\u00f2nic:<\/strong><\/td>\n<p> <a href=\"mailto:hola@esr.solar\"><\/a><\/p>\n<td>hola@esr.solar<\/td>\n<\/tr>\n<tr>\n<td><strong>Objecte Social:<\/strong><\/td>\n<td>Comer\u00e7 de productes diversos<\/td>\n<\/tr>\n<tr><strong><\/p>\n<td>Lloc web:<\/td>\n<p><\/strong> <\/p>\n<td><a href=\"https:\/\/esr.solar\/\" target=\"_blank\" rel=\"noopener\">https:\/\/esr.solar\/<\/a><\/td>\n<\/tr>\n<tr>\n<td><strong>Dades registrals:<\/strong><\/td>\n<td>Registre Mercantil de Barcelona Tomo 11077, Llibre 8355, Full 195, Secci\u00f3 8, Fitxa V 201291<\/td>\n<\/tr>\n<\/tbody>\n<\/table>\n<ol start=\"2\">\n<li><strong>Identificaci\u00f3 del Delegat de Protecci\u00f3 de Dades<\/strong><\/li>\n<\/ol>\n<p>La nostra entitat ha designat un Delegat de Protecci\u00f3 de Dades al qual pot dirigir els seus dubtes o reclamacions sobre el tractament de les seves dades personals, indicant el nom de la nostra empresa o el nom comercial. Pot contactar-lo per aquests mitjans: <\/p>\n<p><strong>BUSINESS ADAPTER, S.L.<\/strong><br \/>\nRonda Guglielmo Marconi, 11, 26, (Parc Tecnol\u00f2gic) 46980 Paterna (Val\u00e8ncia).<br \/><strong>Correu electr\u00f2nic:<\/strong> <a href=\"mailto:info@businessadapter.es\">info@businessadapter.es<\/a> (ref. esr) o mitjan\u00e7ant el<br \/><a href=\"https:\/\/www.businessadapter.es\/contacta-con-el-delegado-de-proteccion-de-datos\" target=\"_blank\" rel=\"noopener\">Formulari d\u2019atenci\u00f3 a l\u2019interessat.<\/a>\n  <\/p>\n<ol start=\"3\">\n<li><strong>Pres\u00e8ncia a les xarxes socials<\/strong><\/li>\n<\/ol>\n<p>En compliment dels articles 13 al 24.2 del Reglament Europeu de Protecci\u00f3 de Dades 2016\/679 (RGPD) i la Llei 34\/2002 de Serveis de la Societat de la Informaci\u00f3 i de Comer\u00e7 Electr\u00f2nic (LSSI-CE), el Responsable del Tractament informa els usuaris que ha procedit a crear un perfil a les Xarxes Socials (XRS) seg\u00fcents:<\/p>\n<ul>\n<li><a href=\"https:\/\/www.facebook.com\/ESR-Energy-Solutions-114704434451278\">Facebook<\/a><\/li>\n<li><a href=\"https:\/\/www.instagram.com\/esr.solar\">Instagram<\/a><\/li>\n<li><a href=\"https:\/\/www.linkedin.com\/company\/esr-solar\/\">LinkedIn<\/a><\/li>\n<\/ul>\n<p>amb la finalitat principal de publicitar els nostres serveis i contactar amb altres usuaris.<\/p>\n<p>Si vost\u00e8 com a Usuari disposa d\u2019un perfil a la mateixa Xarxa Social que la nostra entitat, pot unir-se lliurement a la p\u00e0gina creada per nosaltres, mostrant aix\u00ed inter\u00e8s per la informaci\u00f3 que publiquem en aquesta Xarxa. En unir-se, ens ofereix visibilitat de determinades dades personals que vost\u00e8 ha ofert p\u00fablicament al seu perfil. <\/p>\n<p>Nom\u00e9s en cas que us uneixi a la nostra p\u00e0gina de les Xarxes Socials detallades, les dades del seu perfil seran tractades per la nostra entitat \u00fanicament dins de la pr\u00f2pia Xarxa Social i en cap cas seran tractades per nosaltres fora d\u2019aquesta sense el seu consentiment previ.<\/p>\n<p>Vost\u00e8, com a usuari, pot accedir en tot moment a les pol\u00edtiques de privadesa de la pr\u00f2pia Xarxa Social, aix\u00ed com configurar el seu perfil per garantir la privadesa d\u2019aquells dades que no vulgui fer p\u00fabliques. Tamb\u00e9 pot deixar de seguir-nos en el moment que ho desitgi. <\/p>\n<ol start=\"4\">\n<li><strong>Publicacions<\/strong><\/li>\n<\/ol>\n<p>Un cop s&#8217;hagi unit a la nostra p\u00e0gina i si ho considera oport\u00fa, podr\u00e0 publicar comentaris, enlla\u00e7os, imatges, fotografies o qualsevol altre tipus de contingut multim\u00e8dia suportat per la Xarxa Social, recordant-li que, en tots els casos, ha de ser-ne el titular, gaudir dels drets d&#8217;autor i de propietat intel\u00b7lectual o comptar amb el consentiment dels tercers afectats.<\/p>\n<p>Es prohibeix expressament qualsevol publicaci\u00f3 a la p\u00e0gina, ja siguin textos, gr\u00e0fics, fotografies, v\u00eddeos, etc. relacionats amb menors, aquells que atemptin o siguin susceptibles d&#8217;atemptar contra l&#8217;honor, la moral, l&#8217;\u00e8tica, el bon gust, el dec\u00f2rum i\/o que infringeixin, viol\u00efn o trenquin els drets de propietat intel\u00b7lectual o industrial, el dret a la imatge o qualsevol altre que vagi en contra de la llei. En aquests casos, la nostra entitat es reserva el dret de retirar immediatament el contingut, podent sol\u00b7licitar el bloqueig permanent de l&#8217;usuari. <\/p>\n<p>La nostra entitat no es far\u00e0 responsable dels continguts que un usuari hagi publicat lliurement. L&#8217;usuari ha de tenir present que les seves publicacions seran conegudes per altres usuaris, per la qual cosa ser\u00e0 l&#8217;\u00fanic responsable de les seves publicacions i de la seva privadesa. <\/p>\n<ol start=\"5\">\n<li><strong>Publicidad<\/strong><\/li>\n<\/ol>\n<p>La nostra entitat podr\u00e0 utilitzar la Xarxa Social per publicitar-se, en tot cas, complint amb les exig\u00e8ncies de la Normativa vigent aplicable a Protecci\u00f3 de Dades i de la LSSI-CE.<\/p>\n<p>No es considerar\u00e0 publicitat recomanar a altres usuaris les nostres p\u00e0gines perqu\u00e8 tamb\u00e9 ells puguin gaudir de les promocions o estar informats d&#8217;esdeveniments o activitats de la nostra entitat.<\/p>\n<ol start=\"6\">\n<li><strong>Concursos i promocions<\/strong><\/li>\n<\/ol>\n<p>La nostra entitat es reserva el dret de realitzar concursos i promocions, en els quals podran participar els usuaris que ho desitgin i que estiguin units a la nostra p\u00e0gina. Les bases de cadascun d\u2019ells, quan s\u2019utilitzi per a aix\u00f2 la plataforma de la Xarxa Social, seran publicades en la mateixa, complint sempre amb la Llei o norma que li sigui d\u2019aplicaci\u00f3. <\/p>\n<p>La Xarxa Social no patrocina, avala ni administra, de cap manera, les nostres promocions, ni est\u00e0 associada a cap d\u2019elles.<\/p>\n<ol start=\"7\">\n<li><strong>Dades personals<\/strong><\/li>\n<\/ol>\n<p>La nostra entitat com a Responsable del Tractament realitzar\u00e0 les seg\u00fcents actuacions:<\/p>\n<ul>\n<li>Acc\u00e9s a la informaci\u00f3 p\u00fablica del perfil de l&#8217;usuari.<\/li>\n<li>Atendre sol\u00b7licituds dels usuaris.<\/li>\n<li>Enviament de missatges individuals a l&#8217;usuari a trav\u00e9s dels canals de la Xarxa Social.<\/li>\n<li>Publicaci\u00f3 al perfil de l&#8217;usuari d&#8217;informaci\u00f3 relacionada amb la nostra entitat.<\/li>\n<li>Actualitzacions de l&#8217;estat de la p\u00e0gina que es publicaran al perfil de l&#8217;usuari.<\/li>\n<\/ul>\n<p>L&#8217;usuari pot deixar de seguir la nostra entitat a les xarxes socials en qualsevol moment, controlar les seves connexions, eliminar els continguts que deixin de ser del seu inter\u00e8s i restringir amb qui comparteix les seves connexions; per a aix\u00f2 haur\u00e0 d&#8217;accedir a la seva configuraci\u00f3 de privadesa.<\/p>\n<p>A continuaci\u00f3, detallem els enlla\u00e7os a la pol\u00edtica de privacitat de les diferents Xarxes Socials:<\/p>\n<ul>\n<li><strong>Facebook:<\/strong> <a href=\"https:\/\/www.facebook.com\/help\/323540651073243\/\" target=\"_blank\" rel=\"noopener\">https:\/\/www.facebook.com\/help\/323540651073243\/<\/a><\/li>\n<li><strong>Instagram:<\/strong> <a href=\"https:\/\/es-la.facebook.com\/help\/instagram\/155833707900388\/\" target=\"_blank\" rel=\"noopener\">https:\/\/es-la.facebook.com\/help\/instagram\/155833707900388\/<\/a><\/li>\n<li><strong>LinkedIn:<\/strong> <a href=\"https:\/\/www.linkedin.com\/legal\/privacy-policy?_l=es_ES\" target=\"_blank\" rel=\"noopener\">https:\/\/www.linkedin.com\/legal\/privacy-policy?_l=es_ES<\/a><\/li>\n<\/ul>\n<ol start=\"8\">\n<li><strong>Els Seus Drets<\/strong><\/li>\n<\/ol>\n<p>Vost\u00e8 t\u00e9 dret a con\u00e8ixer si la nostra entitat est\u00e0 tractant les seves dades personals; per tant, t\u00e9 dret a accedir a les seves dades, rectificar-les si s\u00f3n inexactes o sol\u00b7licitar-ne la supressi\u00f3 quan les dades ja no siguin necess\u00e0ries, sempre que sigui legalment possible.<\/p>\n<p>Tamb\u00e9 pot exercir el seu dret d\u2019oposici\u00f3, limitaci\u00f3 o portabilitat si aix\u00ed ho considera oport\u00fa, i fins i tot podr\u00e0 revocar el seu consentiment i, per exercir els seus drets, haur\u00e0 de fer-ho per escrit a <a href=\"mailto:hola@esr.solar\">hola@esr.solar.<\/a> En cas d\u2019actuar en representaci\u00f3 d\u2019una altra persona, haur\u00e0 d\u2019acreditar aquesta representaci\u00f3. <\/p>\n<p>Si desea trasladar alguna sugerencia o consulta sobre el tratamiento de sus datos personales, puede contactar con el delegado de protecci\u00f3n de datos:<br \/> <strong>BUSINESS ADAPTER, S.L.<\/strong><br \/> Ronda Guglielmo Marconi, 11, 26, (Parque Tecnol\u00f3gico) 46980 Paterna (Valencia).<br \/> <a href=\"https:\/\/www.businessadapter.es\/contacta-con-el-delegado-de-proteccion-de-datos\" target=\"_blank\" rel=\"noopener\">Formulario de atenci\u00f3n al interesado<\/a>\n  <\/p>\n<p>Li informem que vost\u00e8 t\u00e9 dret a fer una reclamaci\u00f3 davant l&#8217;Ag\u00e8ncia Espanyola de Protecci\u00f3 de Dades a: C\/ Jorge Juan, 6, 28001 Madrid o a <a href=\"https:\/\/www.aepd.es\/\" target=\"_blank\" rel=\"noopener\">www.aepd.es.<\/a><\/p>\n<p>Per obtenir m\u00e9s informaci\u00f3 sobre el tractament de dades personals, podeu consultar la nostra<br \/>\n<strong><a href=\"https:\/\/esr.solar\/politica-de-privacidad\/\" target=\"_blank\" rel=\"noopener\">Pol\u00edtica de Privacitat.<\/a><\/strong>\n  <\/p>\n<ol start=\"9\">\n<li><strong>Actualitzaci\u00f3 d&#8217;aquesta Pol\u00edtica<\/strong><\/li>\n<\/ol>\n<p>La nostra entitat es reserva el dret a modificar aquesta Pol\u00edtica sense av\u00eds previ. Per aquest motiu, recomanem consultar-la cada cop que visiti el nostre lloc web. Text actualitzat el 15 de gener de 2026.  <\/p>\n<\/div>\n","protected":false},"excerpt":{"rendered":"<p>Pol\u00edtica de Xarxes Socials Identificaci\u00f3 del Responsable del Tractament Entitat: ESR ENERGY SOLUTIONS S.L. CIF\/NIF: B67677708 Adre\u00e7a postal: Carrer de l&#8217;Arroyo del Soto, 6, 28914 Legan\u00e9s, Madrid Tel\u00e8fon: 931712087 Correu&#8230;<\/p>\n","protected":false},"author":3,"featured_media":0,"parent":0,"menu_order":0,"comment_status":"closed","ping_status":"closed","template":"","meta":{"om_disable_all_campaigns":false,"_glsr_average":0,"_glsr_ranking":0,"_glsr_reviews":0,"footnotes":""},"class_list":["post-1905","page","type-page","status-publish"],"yoast_head":"<!-- This site is optimized with the Yoast SEO plugin v24.1 - https:\/\/yoast.com\/wordpress\/plugins\/seo\/ -->\n<title>Pol\u00edtica de Xarxes Socials - ESR Energy Solutions<\/title>\n<meta name=\"robots\" content=\"index, follow, max-snippet:-1, max-image-preview:large, max-video-preview:-1\" \/>\n<link rel=\"canonical\" href=\"https:\/\/esr.solar\/ca\/politica-de-xarxes-socials\/\" \/>\n<meta property=\"og:locale\" content=\"ca_ES\" \/>\n<meta property=\"og:type\" content=\"article\" \/>\n<meta property=\"og:title\" content=\"Pol\u00edtica de Xarxes Socials - ESR Energy Solutions\" \/>\n<meta property=\"og:description\" content=\"Pol\u00edtica de Xarxes Socials Identificaci\u00f3 del Responsable del Tractament Entitat: ESR ENERGY SOLUTIONS S.L. CIF\/NIF: B67677708 Adre\u00e7a postal: Carrer de l&#8217;Arroyo del Soto, 6, 28914 Legan\u00e9s, Madrid Tel\u00e8fon: 931712087 Correu...\" \/>\n<meta property=\"og:url\" content=\"https:\/\/esr.solar\/ca\/politica-de-xarxes-socials\/\" \/>\n<meta property=\"og:site_name\" content=\"ESR Energy Solutions\" \/>\n<meta property=\"article:modified_time\" content=\"2026-02-11T12:29:29+00:00\" \/>\n<meta name=\"twitter:card\" content=\"summary_large_image\" \/>\n<meta name=\"twitter:label1\" content=\"Temps estimat de lectura\" \/>\n\t<meta name=\"twitter:data1\" content=\"6 minuts\" \/>\n<script type=\"application\/ld+json\" class=\"yoast-schema-graph\">{\"@context\":\"https:\/\/schema.org\",\"@graph\":[{\"@type\":\"WebPage\",\"@id\":\"https:\/\/esr.solar\/ca\/politica-de-xarxes-socials\/\",\"url\":\"https:\/\/esr.solar\/ca\/politica-de-xarxes-socials\/\",\"name\":\"Pol\u00edtica de Xarxes Socials - ESR Energy Solutions\",\"isPartOf\":{\"@id\":\"https:\/\/esr.solar\/#website\"},\"datePublished\":\"2026-01-15T15:37:56+00:00\",\"dateModified\":\"2026-02-11T12:29:29+00:00\",\"breadcrumb\":{\"@id\":\"https:\/\/esr.solar\/ca\/politica-de-xarxes-socials\/#breadcrumb\"},\"inLanguage\":\"ca\",\"potentialAction\":[{\"@type\":\"ReadAction\",\"target\":[\"https:\/\/esr.solar\/ca\/politica-de-xarxes-socials\/\"]}]},{\"@type\":\"BreadcrumbList\",\"@id\":\"https:\/\/esr.solar\/ca\/politica-de-xarxes-socials\/#breadcrumb\",\"itemListElement\":[{\"@type\":\"ListItem\",\"position\":1,\"name\":\"Portada\",\"item\":\"https:\/\/esr.solar\/ca\/home\/\"},{\"@type\":\"ListItem\",\"position\":2,\"name\":\"Pol\u00edtica de Xarxes Socials\"}]},{\"@type\":\"WebSite\",\"@id\":\"https:\/\/esr.solar\/#website\",\"url\":\"https:\/\/esr.solar\/\",\"name\":\"ESR Energy Solutions\",\"description\":\"\",\"potentialAction\":[{\"@type\":\"SearchAction\",\"target\":{\"@type\":\"EntryPoint\",\"urlTemplate\":\"https:\/\/esr.solar\/?s={search_term_string}\"},\"query-input\":{\"@type\":\"PropertyValueSpecification\",\"valueRequired\":true,\"valueName\":\"search_term_string\"}}],\"inLanguage\":\"ca\"}]}<\/script>\n<!-- \/ Yoast SEO plugin. -->","yoast_head_json":{"title":"Pol\u00edtica de Xarxes Socials - ESR Energy Solutions","robots":{"index":"index","follow":"follow","max-snippet":"max-snippet:-1","max-image-preview":"max-image-preview:large","max-video-preview":"max-video-preview:-1"},"canonical":"https:\/\/esr.solar\/ca\/politica-de-xarxes-socials\/","og_locale":"ca_ES","og_type":"article","og_title":"Pol\u00edtica de Xarxes Socials - ESR Energy Solutions","og_description":"Pol\u00edtica de Xarxes Socials Identificaci\u00f3 del Responsable del Tractament Entitat: ESR ENERGY SOLUTIONS S.L. CIF\/NIF: B67677708 Adre\u00e7a postal: Carrer de l&#8217;Arroyo del Soto, 6, 28914 Legan\u00e9s, Madrid Tel\u00e8fon: 931712087 Correu...","og_url":"https:\/\/esr.solar\/ca\/politica-de-xarxes-socials\/","og_site_name":"ESR Energy Solutions","article_modified_time":"2026-02-11T12:29:29+00:00","twitter_card":"summary_large_image","twitter_misc":{"Temps estimat de lectura":"6 minuts"},"schema":{"@context":"https:\/\/schema.org","@graph":[{"@type":"WebPage","@id":"https:\/\/esr.solar\/ca\/politica-de-xarxes-socials\/","url":"https:\/\/esr.solar\/ca\/politica-de-xarxes-socials\/","name":"Pol\u00edtica de Xarxes Socials - ESR Energy Solutions","isPartOf":{"@id":"https:\/\/esr.solar\/#website"},"datePublished":"2026-01-15T15:37:56+00:00","dateModified":"2026-02-11T12:29:29+00:00","breadcrumb":{"@id":"https:\/\/esr.solar\/ca\/politica-de-xarxes-socials\/#breadcrumb"},"inLanguage":"ca","potentialAction":[{"@type":"ReadAction","target":["https:\/\/esr.solar\/ca\/politica-de-xarxes-socials\/"]}]},{"@type":"BreadcrumbList","@id":"https:\/\/esr.solar\/ca\/politica-de-xarxes-socials\/#breadcrumb","itemListElement":[{"@type":"ListItem","position":1,"name":"Portada","item":"https:\/\/esr.solar\/ca\/home\/"},{"@type":"ListItem","position":2,"name":"Pol\u00edtica de Xarxes Socials"}]},{"@type":"WebSite","@id":"https:\/\/esr.solar\/#website","url":"https:\/\/esr.solar\/","name":"ESR Energy Solutions","description":"","potentialAction":[{"@type":"SearchAction","target":{"@type":"EntryPoint","urlTemplate":"https:\/\/esr.solar\/?s={search_term_string}"},"query-input":{"@type":"PropertyValueSpecification","valueRequired":true,"valueName":"search_term_string"}}],"inLanguage":"ca"}]}},"_links":{"self":[{"href":"https:\/\/esr.solar\/ca\/wp-json\/wp\/v2\/pages\/1905"}],"collection":[{"href":"https:\/\/esr.solar\/ca\/wp-json\/wp\/v2\/pages"}],"about":[{"href":"https:\/\/esr.solar\/ca\/wp-json\/wp\/v2\/types\/page"}],"author":[{"embeddable":true,"href":"https:\/\/esr.solar\/ca\/wp-json\/wp\/v2\/users\/3"}],"replies":[{"embeddable":true,"href":"https:\/\/esr.solar\/ca\/wp-json\/wp\/v2\/comments?post=1905"}],"version-history":[{"count":1,"href":"https:\/\/esr.solar\/ca\/wp-json\/wp\/v2\/pages\/1905\/revisions"}],"predecessor-version":[{"id":1952,"href":"https:\/\/esr.solar\/ca\/wp-json\/wp\/v2\/pages\/1905\/revisions\/1952"}],"wp:attachment":[{"href":"https:\/\/esr.solar\/ca\/wp-json\/wp\/v2\/media?parent=1905"}],"curies":[{"name":"wp","href":"https:\/\/api.w.org\/{rel}","templated":true}]}}