{"id":1910,"date":"2021-10-29T08:27:05","date_gmt":"2021-10-29T08:27:05","guid":{"rendered":"https:\/\/esr.solar\/politica-de-cookies\/"},"modified":"2026-01-21T14:57:54","modified_gmt":"2026-01-21T14:57:54","slug":"politica-de-cookies","status":"publish","type":"page","link":"https:\/\/esr.solar\/ca\/politica-de-cookies\/","title":{"rendered":"Pol\u00edtica de Cookies <br><br>"},"content":{"rendered":"[vc_row type=&#8221;in_container&#8221; full_screen_row_position=&#8221;middle&#8221; column_margin=&#8221;default&#8221; column_direction=&#8221;default&#8221; column_direction_tablet=&#8221;default&#8221; column_direction_phone=&#8221;default&#8221; scene_position=&#8221;center&#8221; text_color=&#8221;dark&#8221; text_align=&#8221;left&#8221; row_border_radius=&#8221;none&#8221; row_border_radius_applies=&#8221;bg&#8221; overlay_strength=&#8221;0.3&#8243; gradient_direction=&#8221;left_to_right&#8221; shape_divider_position=&#8221;bottom&#8221; bg_image_animation=&#8221;none&#8221;][vc_column column_padding=&#8221;no-extra-padding&#8221; column_padding_tablet=&#8221;inherit&#8221; column_padding_phone=&#8221;inherit&#8221; column_padding_position=&#8221;all&#8221; column_element_spacing=&#8221;default&#8221; background_color_opacity=&#8221;1&#8243; background_hover_color_opacity=&#8221;1&#8243; column_shadow=&#8221;none&#8221; column_border_radius=&#8221;none&#8221; column_link_target=&#8221;_self&#8221; gradient_direction=&#8221;left_to_right&#8221; overlay_strength=&#8221;0.3&#8243; width=&#8221;1\/1&#8243; tablet_width_inherit=&#8221;default&#8221; tablet_text_alignment=&#8221;default&#8221; phone_text_alignment=&#8221;default&#8221; bg_image_animation=&#8221;none&#8221; border_type=&#8221;simple&#8221; column_border_width=&#8221;none&#8221; column_border_style=&#8221;solid&#8221;][vc_column_text]\n<div id=\"legales\">\n<h2 style=\"text-align: center;\">Pol\u00edtica de Cookies <\/p>\n<\/h2>\n<p>&nbsp;<\/p>\n<p><strong>Pol\u00edtica de Cookies <\/p>\n<p><\/strong><\/p>\n<p>&nbsp;<\/p>\n<ol>\n<li><strong>Objecte<\/strong><\/li>\n<\/ol>\n<p>Aquesta Pol\u00edtica de Cookies pret\u00e9n donar compliment a la Llei 34\/2002, d&#8217;11 de juliol, de Serveis de la Societat de la Informaci\u00f3 i Comer\u00e7 Electr\u00f2nic, (d&#8217;ara endavant, LSSICE), al Reglament General de protecci\u00f3 de dades personals 2016\/679 (d&#8217;ara endavant, RGPD) ia la Llei Org\u00e0nica 3\/2018 de protecci\u00f3 de dades personals.<\/p>\n<p>&nbsp;<\/p>\n<ol start=\"2\">\n<li><strong>Identificaci\u00f3 del Responsable \/ Prestador de serveis de la societat de la informaci\u00f3<\/strong><\/li>\n<\/ol>\n<p>En compliment del que estableix l&#8217;article 10 de la Llei 34\/2002, d&#8217;11 de juliol, de serveis de la Societat de la Informaci\u00f3 i de Comer\u00e7 Electr\u00f2nic (d&#8217;ara endavant, LSSICE), s&#8217;informa de manera expressa, precisa i inequ\u00edvoca, tant els usuaris, destinataris del servei, com els \u00f2rgans competents, de la informaci\u00f3 seg\u00fcent al relatiu<\/p>\n<p><strong> <\/strong><\/p>\n<table>\n<tbody>\n<tr>\n<td width=\"140\">Entidad \/ Editor:<\/td>\n<td width=\"419\">ESR ENERGY SOLUTIONS S.L.<\/td>\n<\/tr>\n<tr>\n<td width=\"140\">CIF\/NIF:<\/td>\n<td width=\"419\">B67677708<\/td>\n<\/tr>\n<tr>\n<td width=\"140\">Adre\u00e7a postal:<\/td>\n<td width=\"419\">\n<div><a href=\"https:\/\/www.google.com\/maps\/search\/Calle+del+Arroyo+del+Soto,+6+%0D%0A+28914+Legan%C3%A9s,+Madrid?entry=gmail&amp;source=g\" target=\"_blank\" rel=\"noopener\" data-saferedirecturl=\"https:\/\/www.google.com\/url?q=https:\/\/www.google.com\/maps\/search\/Calle%2Bdel%2BArroyo%2Bdel%2BSoto,%2B6%2B%250D%250A%2B28914%2BLegan%25C3%25A9s,%2BMadrid?entry%3Dgmail%26source%3Dg&amp;source=gmail&amp;ust=1741360321778000&amp;usg=AOvVaw2P6BV7OYX9jBXq8fJ_y359\">Carrer del Arroyo del Soto, 6<\/a><\/div>\n<p><a href=\"https:\/\/www.google.com\/maps\/search\/Calle+del+Arroyo+del+Soto,+6+%0D%0A+28914+Legan%C3%A9s,+Madrid?entry=gmail&amp;source=g\" target=\"_blank\" rel=\"noopener\" data-saferedirecturl=\"https:\/\/www.google.com\/url?q=https:\/\/www.google.com\/maps\/search\/Calle%2Bdel%2BArroyo%2Bdel%2BSoto,%2B6%2B%250D%250A%2B28914%2BLegan%25C3%25A9s,%2BMadrid?entry%3Dgmail%26source%3Dg&amp;source=gmail&amp;ust=1741360321778000&amp;usg=AOvVaw2P6BV7OYX9jBXq8fJ_y359\">28914 Legan\u00e9s, Madrid<\/a><\/td>\n<\/tr>\n<tr>\n<td width=\"140\">Tel\u00e8fon:<\/td>\n<td width=\"419\">931712087<\/td>\n<\/tr>\n<tr>\n<td width=\"140\">Correu electr\u00f2nic:<\/td>\n<td width=\"419\">hola@esr.solar<\/td>\n<\/tr>\n<tr>\n<td width=\"140\">Objecte Social:<\/td>\n<td width=\"419\">Comer\u00e7 de productes diversos<\/td>\n<\/tr>\n<tr>\n<td width=\"140\">Lloc web:<\/td>\n<td width=\"419\">https:\/\/esr.solar\/<\/td>\n<\/tr>\n<tr>\n<td width=\"140\">Dades registrals:<\/td>\n<td width=\"419\">Registre Mercantil de Barcelona Tomo 11077, Llibre 8355, Full 195, Secci\u00f3 8, Full V 201291<\/td>\n<\/tr>\n<\/tbody>\n<\/table>\n<p><strong> <\/strong><\/p>\n<ol start=\"3\">\n<li><strong>Identificaci\u00f3<\/strong> <strong>del Delegat<\/strong> <strong>de Protecci\u00f3 de Dades<\/strong><\/li>\n<\/ol>\n<p>La nostra entitat ha designat un Delegat de Protecci\u00f3 de Dades al qual pot dirigir els seus dubtes o reclamacions sobre el tractament de les seves dades personals, indicant el nom de la nostra empresa o el nom comercial. Pot contactar-lo per aquests mitjans: <\/p>\n<p>BUSINESS ADAPTER, S.L.<\/p>\n<p>Ronda Guglielmo Marconi, 11, 26, (Parc Tecnol\u00f2gic) 46980 Paterna (Val\u00e8ncia).<\/p>\n<p><strong>Correu electr\u00f2nic:<\/strong> <a href=\"mailto:info@businessadapter.es\">info@businessadapter.es<\/a> (ref. esr) o mitjan\u00e7ant aquest <a href=\"https:\/\/www.businessadapter.es\/contacta-con-el-delegado-de-proteccion-de-datos\" target=\"_blank\" rel=\"noopener\">Formulari d\u2019atenci\u00f3 a l\u2019interessat.<\/a><\/p>\n<p><strong> <\/strong><\/p>\n<ol start=\"4\">\n<li><strong>Definicions <\/strong><\/li>\n<\/ol>\n<p>Per a donar compliment a l&#8217;apartat segon de l&#8217;article 22 de la LSSICE, la informaci\u00f3 oferida en aquesta pol\u00edtica ha de ser clara i completa sobre la utilitzaci\u00f3 dels dispositius d&#8217;emmagatzematge i recuperaci\u00f3 de dades i, en particular, sobre les finalitats del tractament de les dades que requereixen que el tractament de les dades dels usuaris es realitzi de manera transparent per a ells. Per aconseguir-ho, oferim unes definicions b\u00e0siques i pr\u00e8vies que s&#8217;utilitzaran en aquesta pol\u00edtica, per a un major detall i millor comprensi\u00f3 per part de l&#8217;usuari: <\/p>\n<p>&nbsp;<\/p>\n<p><u>Usuari:<\/u><\/p>\n<p>\u00c9s la persona f\u00edsica que accedeix al nostre lloc web.<\/p>\n<p><u> <\/u><\/p>\n<p><u>Editor:<\/u><\/p>\n<p>En el cas d&#8217;aquesta p\u00e0gina web, es tracta de l&#8217;entitat (persona f\u00edsica o jur\u00eddica) propiet\u00e0ria de la p\u00e0gina web. Tamb\u00e9 anomenada responsable o prestador de serveis de la societat de la informaci\u00f3. <\/p>\n<p><u> <\/u><\/p>\n<p><u>Galetes:<\/u><\/p>\n<p>Les cookies i\/o tecnologies similars (d\u2019ara endavant, cookies) emmagatzemen i recuperen informaci\u00f3 quan es navega. En general, aquestes tecnologies poden servir per a finalitats molt diverses, com, per exemple, recon\u00e8ixer els usuaris, obtenir informaci\u00f3 sobre els seus h\u00e0bits de navegaci\u00f3, o personalitzar la manera en qu\u00e8 es mostra el contingut. <\/p>\n<p><u> <\/u><\/p>\n<p><u>Dada:<\/u><\/p>\n<p>\u00c9s la informaci\u00f3 de l&#8217;usuari que s&#8217;obt\u00e9 a trav\u00e9s de les galetes.<\/p>\n<p>&nbsp;<\/p>\n<p>La dada podr\u00e0 arribar a ser de car\u00e0cter personal quan es tracta d&#8217;informaci\u00f3 sobre persones f\u00edsiques identificades o identificables, en els termes que estableix l&#8217;article 4 del RGPD.<\/p>\n<p><u> <\/u><\/p>\n<p><u>Servei de la societat de la informaci\u00f3:<\/u><\/p>\n<p>\u00c9s tot servei prestat a petici\u00f3 individual d\u2019un usuari, a t\u00edtol oner\u00f3s o no, a dist\u00e0ncia i per via electr\u00f2nica, sempre que constitueixi una activitat econ\u00f2mica per a l\u2019editor la prestaci\u00f3 del qual origina l\u2019\u00fas de les cookies.<\/p>\n<p><u> <\/u><\/p>\n<ol start=\"5\">\n<li><strong>Tipus de galetes existents<\/strong><\/li>\n<\/ol>\n<p>Mostrem a continuaci\u00f3 una classificaci\u00f3 de les galetes en funci\u00f3 d\u2019una s\u00e8rie de categories. No obstant aix\u00f2, una mateixa galeta pot estar inclosa en m\u00e9s d\u2019una categoria: <\/p>\n<p><strong> <\/strong><\/p>\n<ul>\n<li><strong>Tipus de galetes segons l&#8217;entitat que les gestiona <\/strong><\/li>\n<\/ul>\n<p>Segons qui sigui l\u2019entitat que gestioni l\u2019equip o domini des d\u2019on s\u2019envien les galetes i tracti les dades que s\u2019obtinguin, podem distingir entre:<\/p>\n<p><u> <\/u><\/p>\n<p><u>Galetes pr\u00f2pies:<\/u><\/p>\n<p>S\u00f3n aquelles de les quals \u00e9s responsable la nostra entitat i que, generalment, s&#8217;envien a l&#8217;equip terminal de l&#8217;usuari des d&#8217;un equip o domini gestionat per la nostra entitat i des del qual es presta el servei sol\u00b7licitat per l&#8217;usuari.<\/p>\n<p><u> <\/u><\/p>\n<p><u>Cookies de tercers:<\/u><\/p>\n<p>S\u00f3n aquelles de les quals \u00e9s responsable una entitat diferent de la nostra entitat i que, generalment, s&#8217;envien a l&#8217;equip terminal de l&#8217;usuari des d&#8217;un equip o domini que no \u00e9s gestionat per la nostra entitat, sin\u00f3 per<\/p>\n<p>una altra entitat que tracta les dades obtingudes a trav\u00e9s de les galetes.<\/p>\n<p>&nbsp;<\/p>\n<p>En el cas que les galetes siguin servides des d&#8217;un equip o domini gestionat per la nostra entitat, per\u00f2 la informaci\u00f3 que es reculli mitjan\u00e7ant aquestes sigui gestionada per un tercer, tamb\u00e9 seran considerades com a galetes de tercers (per exemple, la millora dels serveis que presta o la prestaci\u00f3 de serveis de car\u00e0cter publicitari a favor d&#8217;altres entitats).<\/p>\n<p><strong> <\/strong><\/p>\n<p>Cal que s\u00e0piga que, si accepta les galetes de tercers i posteriorment vol revocar el seu consentiment, haur\u00e0 d&#8217;eliminar-les des de les opcions del navegador utilitzat o des del sistema ofert pel propi tercer. A continuaci\u00f3, li detallem llocs que podr\u00e0 visitar per con\u00e8ixer millor les galetes de tercers (desactivaci\u00f3, possibles transfer\u00e8ncies de dades a tercers pa\u00efsos, etc.): <\/p>\n<p><a href=\"https:\/\/support.google.com\/chrome\/answer\/95647?hl=es\">Google Chrome<\/a><\/p>\n<p><a href=\"https:\/\/support.mozilla.org\/es\/kb\/habilitar-y-deshabilitar-cookies-sitios-web-rastrear-preferencias?redirectlocale=es&amp;redirectslug=habilitar-y-deshabilitar-cookies-que-los-sitios-we\">Mozilla Firefox<\/a><\/p>\n<p><a href=\"https:\/\/privacy.microsoft.com\/es-es\/windows-10-microsoft-edge-and-privacy\">Microsoft Edge<\/a><\/p>\n<p><a href=\"https:\/\/support.google.com\/chrome\/answer\/95647?co=GENIE.Platform%3DAndroid&amp;hl=es-419\">Chrome para Android<\/a><\/p>\n<p><a href=\"https:\/\/support.apple.com\/es-es\/guide\/safari\/manage-cookies-and-website-data-sfri11471\/mac\">Safari (Apple)<\/a><\/p>\n<p><a href=\"https:\/\/www.habilitarlascookies.com\/como-habilitar-las-cookies-en-opera.html\">Opera<\/a><\/p>\n<p>Aix\u00ed com <a href=\"http:\/\/www.google.es\/intl\/es\/policies\/technologies\/cookies\/\">Google AdWords<\/a><\/p>\n<p>&nbsp;<\/p>\n<p>Si s\u2019utilitzen altres navegadors, recomanem consultar la seva pol\u00edtica d\u2019\u00fas i gesti\u00f3 de galetes.<\/p>\n<p>&nbsp;<\/p>\n<p>Pot ser molt \u00fatil per a l&#8217;usuari l&#8217;eina <a href=\"https:\/\/www.youronlinechoices.com\/es\/\">https:\/\/www.youronlinechoices.com\/es\/<\/a> per gestionar l&#8217;\u00fas de les galetes i per protegir la seva privacitat a internet.<\/p>\n<p><strong> <\/strong><\/p>\n<ul>\n<li><strong>Tipus de galetes segons la seva finalitat<\/strong><\/li>\n<\/ul>\n<p>Hi ha moltes finalitats per a l&#8217;\u00fas de les galetes. Segons la finalitat per a la qual es tractin les dades obtingudes a trav\u00e9s de les galetes, algunes de les finalitats poden ser:Existen muchas finalidades para el uso de las cookies. Seg\u00fan la finalidad para la que se traten los datos obtenidos a trav\u00e9s de las cookies, algunas de las finalidades pueden ser: <\/p>\n<p><u> <\/u><\/p>\n<p><u>Galetes t\u00e8cniques:<\/u><\/p>\n<p>Les galetes t\u00e8cniques es podran utilitzar sense el consentiment dels usuaris.<\/p>\n<p>&nbsp;<\/p>\n<p>S\u00f3n aquelles que permeten a l&#8217;usuari la navegaci\u00f3 a trav\u00e9s de la nostra p\u00e0gina web i la utilitzaci\u00f3 de les diferents opcions o serveis que hi existissin, incloent-hi aquelles que la nostra entitat utilitza per permetre la gesti\u00f3 i operativa de la p\u00e0gina web i habilitar-ne les funcions i serveis, com, per exemple, controlar el tr\u00e0nsit i la comunicaci\u00f3 de dades, identificar la sessi\u00f3, accedir a parts d&#8217;acc\u00e9s restringit, recordar els elements que integren una comanda, realitzar el proc\u00e9s de compra d&#8217;una comanda, gestionar el pagament, controlar el frau vinculat a la seguretat del servei, realitzar la sol\u00b7licitud d&#8217;inscripci\u00f3 o participaci\u00f3 en un esdeveniment, comptar les visites a efectes de la facturaci\u00f3 de llic\u00e8ncies del programari amb qu\u00e8 funciona el servei (lloc web, plataforma o aplicaci\u00f3), utilitzar elements de seguretat durant la navegaci\u00f3, emmagatzemar continguts per a la difusi\u00f3 de v\u00eddeos o so, habilitar continguts din\u00e0mics (per exemple, animaci\u00f3 de c\u00e0rrega d\u2019un text o imatge) o compartir continguts a trav\u00e9s de xarxes socials.<\/p>\n<p>&nbsp;<\/p>\n<p>Tamb\u00e9 pertanyen a aquesta categoria aquelles galetes que permeten la gesti\u00f3, de la manera m\u00e9s efica\u00e7 possible, dels espais publicitaris que, com un element m\u00e9s de disseny o \u201cmaquetaci\u00f3\u201d del servei ofert a l\u2019usuari, l\u2019editor hagi incl\u00f2s en una p\u00e0gina web, aplicaci\u00f3 o plataforma basant-se en criteris com el contingut editat, sense que es recopili informaci\u00f3 dels usuaris amb finalitats diferents, com pot ser personalitzar aquest contingut publicitari o altres continguts.<\/p>\n<p><u> <\/u><\/p>\n<p><u>Galetes de Prefer\u00e8ncies o Personalitzaci\u00f3:<\/u><\/p>\n<p>S\u00f3n aquelles que permeten recordar informaci\u00f3 perqu\u00e8 l&#8217;usuari accedeixi al servei amb determinades caracter\u00edstiques que poden diferenciar la seva experi\u00e8ncia de la d&#8217;altres usuaris, com, per exemple, l&#8217;idioma, el nombre de resultats a mostrar quan l&#8217;usuari realitza una cerca, l&#8217;aspecte o el contingut del servei<\/p>\n<p>en funci\u00f3 del tipus de navegador a trav\u00e9s del qual l&#8217;usuari accedeix al servei o de la regi\u00f3 des de la qual accedeix al servei, etc.<\/p>\n<p>&nbsp;<\/p>\n<p>Perqu\u00e8 aquestes galetes es considerin exemptes d\u2019informaci\u00f3 i consentiment de l\u2019usuari per al seu \u00fas, aquest haur\u00e0 de limitar-se al necessari per al seu prop\u00f2sit, i la informaci\u00f3 que es pugui extreure de la selecci\u00f3 de l\u2019usuari no podr\u00e0 utilitzar-se per a altres finalitats (per exemple, per a la personalitzaci\u00f3 de continguts publicitaris) ni per elaborar un perfil de l\u2019usuari.<\/p>\n<p><u> <\/u><\/p>\n<p><u>Galetes d\u2019An\u00e0lisi o Mesura:<\/u><\/p>\n<p>S\u00f3n aquelles que, tractades per la nostra entitat o per tercers, ens permeten quantificar el nombre d\u2019usuaris i aix\u00ed realitzar la mesura i an\u00e0lisi estad\u00edstica de la utilitzaci\u00f3 que fan els usuaris del servei ofert.<\/p>\n<p>&nbsp;<\/p>\n<p>Per a aix\u00f2 s&#8217;analitza la seva navegaci\u00f3 al nostre lloc web amb l&#8217;objectiu de millorar l&#8217;oferta de productes o serveis que li oferim.<\/p>\n<p>&nbsp;<\/p>\n<p>\u00c9s poc probable que l&#8217;\u00fas d&#8217;aquestes galetes representi un risc per a la privacitat dels usuaris.<\/p>\n<p><u> <\/u><\/p>\n<p><u>Galetes de Publicitat Comportamental:<\/u><\/p>\n<p>S\u00f3n aquelles que, tractades per nosaltres o per tercers, ens permeten analitzar els h\u00e0bits de navegaci\u00f3 de l&#8217;usuari a Internet perqu\u00e8 puguem mostrar-li publicitat relacionada amb el seu perfil de navegaci\u00f3.<\/p>\n<p><strong> <\/strong><\/p>\n<ul>\n<li><strong>Tipus de galetes segons la seva durada <\/strong><\/li>\n<\/ul>\n<p>Segons el termini de temps que romanen activades en l&#8217;equip terminal, podem distingir:<\/p>\n<p>&nbsp;<\/p>\n<p><u>De sessi\u00f3:<\/u><\/p>\n<p>S\u00f3n aquelles dissenyades per recopilar i emmagatzemar dades mentre l&#8217;usuari accedeix a una p\u00e0gina web.<\/p>\n<p>&nbsp;<\/p>\n<p>Solen emprar-se per emmagatzemar informaci\u00f3 que nom\u00e9s interessa conservar per a la prestaci\u00f3 del servei sol\u00b7licitat per l&#8217;usuari en una sola ocasi\u00f3 (per exemple, una llista de productes adquirits) i desapareixen en acabar la sessi\u00f3.<\/p>\n<p><u> <\/u><\/p>\n<p><u>Persistents:<\/u><\/p>\n<p>S\u00f3n aquelles en qu\u00e8 les dades continuen emmagatzemades al terminal i poden ser accedides i tractades durant<\/p>\n<p>un per\u00edode definit pel responsable de la galeta, i que pot anar des d&#8217;uns minuts fins a diversos anys.<\/p>\n<p>&nbsp;<\/p>\n<p>Aquest tipus de galetes poden suposar riscos per a la privacitat de l&#8217;usuari. En tot cas, quan s&#8217;instal\u00b7lin galetes persistents, reduirem al m\u00ednim necessari la seva durada temporal atenent a la finalitat del seu \u00fas. <\/p>\n<p><strong> <\/strong><\/p>\n<ul>\n<li><strong>Tipus de galetes exemptes de consentiment<\/strong><\/li>\n<\/ul>\n<p>Les galetes seg\u00fcents queden excloses de l&#8217;\u00e0mbit d&#8217;aplicaci\u00f3 de l&#8217;article 22.2 de la LSSICE, i per tant, no necessitaran informaci\u00f3 ni consentiment per al seu \u00fas per part de l&#8217;usuari:<\/p>\n<ul>\n<li>Cookies d&#8217;\u201centrada de l&#8217;usuari\u201d<\/li>\n<li>Galetes d&#8217;autenticaci\u00f3 o identificaci\u00f3 d&#8217;usuari (nom\u00e9s de sessi\u00f3).<\/li>\n<li>Galetes de seguretat de l&#8217;usuari<\/li>\n<li>Galetes de sessi\u00f3 del reproductor multim\u00e8dia.<\/li>\n<li>Galetes de sessi\u00f3 per equilibrar la c\u00e0rrega.<\/li>\n<li>Galetes de personalitzaci\u00f3 de la interf\u00edcie d&#8217;usuari.<\/li>\n<li>Determinades galetes de complements (plug-in) per intercanviar continguts socials.<\/li>\n<li>Permetre nom\u00e9s la comunicaci\u00f3 entre l\u2019equip de l\u2019usuari i la xarxa.<\/li>\n<li>Estrictament prestar un servei expressament sol\u00b7licitat per l&#8217;usuari.<\/li>\n<\/ul>\n<p>&nbsp;<\/p>\n<ul>\n<li><strong>Tipus de galetes utilitzades en aquest lloc web<\/strong><\/li>\n<\/ul>\n<p><strong>5.5._Tipus de galetes utilitzades en aquest lloc web<\/strong><br \/>A continuaci\u00f3 s&#8217;inclou un llistat de galetes utilitzades en aquesta p\u00e0gina web, organitzades segons la seva finalitat, incloent si s\u00f3n pr\u00f2pies o de tercers i la seva utilitat concreta:<\/p>\n<p><strong>T\u00e8cniques<\/strong><\/p>\n<table>\n<tbody>\n<tr>\n<td><strong>Galeta<\/strong><\/td>\n<td><strong>Propietari<\/strong><\/td>\n<td><strong>Durada<\/strong><\/td>\n<td><strong>Tipus de galeta \/ Finalitat<\/strong><\/td>\n<\/tr>\n<tr>\n      cmplz_banner-status<\/p>\n<td><\/td>\n<td>Pr\u00f2pia<\/td>\n<td>1 any<\/td>\n<td>T\u00e8cnica \/ S&#8217;utilitza per recordar l&#8217;acceptaci\u00f3 de la pol\u00edtica de galetes per part de l&#8217;usuari.<\/td>\n<\/tr>\n<tr>\n<td>cmplz_consented_services<\/td>\n<td>Pr\u00f2pia<\/td>\n<td>1 any<\/td>\n<td>T\u00e8cnica \/ S&#8217;utilitza per recordar l&#8217;acceptaci\u00f3 o el rebuig de l&#8217;usuari sobre l&#8217;\u00fas de certs tipus de galetes.<\/td>\n<\/tr>\n<tr>\n<td>cmplz_functional<\/td>\n<td>Pr\u00f2pia<\/td>\n<td>1 any<\/td>\n<td>T\u00e8cnica \/ S&#8217;utilitza per recordar l&#8217;acceptaci\u00f3 o el rebuig de l&#8217;usuari sobre l&#8217;\u00fas de certs tipus de galetes.<\/td>\n<\/tr>\n<tr>\n<td>cmplz_marketing<\/td>\n<td>Pr\u00f2pia<\/td>\n<td>1 any<\/td>\n<td>T\u00e8cnica \/ S&#8217;utilitza per recordar l&#8217;acceptaci\u00f3 o el rebuig de l&#8217;usuari sobre l&#8217;\u00fas de certs tipus de galetes.<\/td>\n<\/tr>\n<tr>\n<td>cmplz_preferences<\/td>\n<td>Pr\u00f2pia<\/td>\n<td>1 any<\/td>\n<td>T\u00e8cnica \/ S&#8217;utilitza per recordar l&#8217;acceptaci\u00f3 o el rebuig de l&#8217;usuari sobre l&#8217;\u00fas de certs tipus de galetes.<\/td>\n<\/tr>\n<tr>\n<td>cmplz_statistics<\/td>\n<td>Pr\u00f2pia<\/td>\n<td>1 any<\/td>\n<td>T\u00e8cnica \/ S&#8217;utilitza per recordar l&#8217;acceptaci\u00f3 o el rebuig de l&#8217;usuari sobre l&#8217;\u00fas de certs tipus de galetes.<\/td>\n<\/tr>\n<tr>\n<td>cmplz_policy_id<\/td>\n<td>Pr\u00f2pia<\/td>\n<td>1 any<\/td>\n<td>T\u00e8cnica \/ S&#8217;utilitza per enregistrar quin bot\u00f3 ha premut l&#8217;usuari a la finestra informativa de galetes (Acceptar o Rebutjar)<\/td>\n<\/tr>\n<tr>\n<td>wpgmza-api-consent-given<\/td>\n<td>Propi<\/td>\n<td>1 any<\/td>\n<td>T\u00e8cnica \/ Emmagatzema si l&#8217;usuari ha acceptat l&#8217;\u00fas de l&#8217;API de Google Maps.<\/td>\n<\/tr>\n<tr>\n<td>__awc_tld_test__<\/td>\n<td>Pr\u00f2pia<\/td>\n<td>Sessi\u00f3<\/td>\n<td>T\u00e8cnica \/ Serveix per determinar si les galetes es poden emmagatzemar en un domini espec\u00edfic.<\/td>\n<\/tr>\n<tr>\n<td>Wp-wpml_current_language<\/td>\n<td>Pr\u00f2pia<\/td>\n<td>Sessi\u00f3<\/td>\n<td>T\u00e8cnica \/ recon\u00e8ixer l&#8217;idioma que necessita l&#8217;usuari.<\/td>\n<\/tr>\n<\/tbody>\n<\/table>\n<p><strong>An\u00e0lisi<\/strong><\/p>\n<table>\n<tbody>\n<tr>\n<td><strong>Galeta<\/strong><\/td>\n<td><strong>Propietari<\/strong><\/td>\n<td><strong>Durada<\/strong><\/td>\n<td><strong>Tipus de galeta \/ Finalitat<\/strong><\/td>\n<\/tr>\n<tr>\n<td>_ga<\/td>\n<td>Google<\/td>\n<td>13 mesos<\/td>\n<td>An\u00e0lisi \/ Generar un identificador d&#8217;usuari \u00fanic, que \u00e9s el que s&#8217;utilitza per comptar quantes vegades visita el lloc un usuari, aix\u00ed com la data de la primera i de l&#8217;\u00faltima vegada que va visitar la web. Registrar la data i l&#8217;hora d&#8217;acc\u00e9s a qualsevol de les p\u00e0gines del Lloc. Comprovar la necessitat de mantenir la sessi\u00f3 d&#8217;un usuari oberta o crear-ne una de nova. Identificar la sessi\u00f3 de l&#8217;usuari, per recollir la ubicaci\u00f3 geogr\u00e0fica aproximada de l&#8217;ordinador que accedeix al Lloc amb finalitats estad\u00edstiques.   <\/td>\n<\/tr>\n<tr>\n<td>_ga_ZE5FB90W2X<\/td>\n<td>Google<\/td>\n<td>13 mesos<\/td>\n<td>&nbsp;<\/td>\n<\/tr>\n<tr>\n<td>_ga_0R9HYFCM28<\/td>\n<td>Google<\/td>\n<td>13 mesos<\/td>\n<td>&nbsp;<\/td>\n<\/tr>\n<tr>\n<td>_gat_gtag_ UA-*<\/td>\n<td>Google<\/td>\n<td>1 minut<\/td>\n<td>&nbsp;<\/td>\n<\/tr>\n<tr>\n<td>_gid<\/td>\n<td>Google<\/td>\n<td>24 hores<\/td>\n<td>&nbsp;<\/td>\n<\/tr>\n<tr>\n<td>ajs_anonymous_id<\/td>\n<td>Pr\u00f2pia<\/td>\n<td>1 any<\/td>\n<td>Anal\u00edtica\/ Cookie que identifica de manera an\u00f2nima els usuaris que visiten un lloc web.<\/td>\n<\/tr>\n<tr>\n<td>ar_debug<\/td>\n<td>Pr\u00f2pia<\/td>\n<td>4 mesos<\/td>\n<td>Anal\u00edtica\/ Serveix per diagnosticar problemes i per millorar l&#8217;estabilitat o funcionalitat d&#8217;una plataforma.<\/td>\n<\/tr>\n<\/tbody>\n<\/table>\n<p>En qualsevol moment, l&#8217;usuari podr\u00e0 retirar el consentiment atorgat inicialment activant la finestra informativa de galetes des d&#8217;on va donar el seu consentiment. Es podr\u00e0 accedir a aquesta finestra a la p\u00e0gina d&#8217;inici del nostre lloc web. <\/p>\n<p>Recomanem revisar la nostra pol\u00edtica de galetes cada vegada que accedeixi al nostre lloc web per informar-se de qualsevol modificaci\u00f3 sobre l&#8217;\u00fas de les nostres galetes. La nostra entitat es reserva el dret de modificar aquesta Pol\u00edtica sense av\u00eds previ. <\/p>\n<ol start=\"6\">\n<li><strong>Elaboraci\u00f3<\/strong> <strong>de perfils<\/strong><\/li>\n<\/ol>\n<p>Com a part del deure d&#8217;informaci\u00f3 de l&#8217;article 13.2 f) del RGPD, li comuniquem que, en cas de realitzar perfils sobre la seva persona, li sol\u00b7licitarem consentiment previ. No obstant aix\u00f2, ha de saber que pot oposar-se a ser objecte d&#8217;una decisi\u00f3 automatitzada sobre les seves dades, on s&#8217;avaluen aspectes personals, com pot ser analitzar o predir aspectes relacionats amb el seu rendiment laboral, situaci\u00f3 econ\u00f2mica, salut, prefer\u00e8ncies o interessos personals, fiabilitat o comportament, de manera que, com a conseq\u00fc\u00e8ncia, es produeixin efectes jur\u00eddics sobre la seva persona o l&#8217;afectin d&#8217;una manera similar. <\/p>\n<p>&nbsp;<\/p>\n<p>La nostra entitat adoptar\u00e0 les mesures de seguretat adequades que protegeixin els seus drets i llibertats, aix\u00ed com els seus interessos leg\u00edtims, com s\u00f3n el dret a obtenir intervenci\u00f3 humana per part nostra per expressar el seu punt de vista i impugnar la decisi\u00f3.<\/p>\n<p><strong> <\/strong><\/p>\n<ol start=\"7\">\n<li><strong>Transfer\u00e8ncia<\/strong> <strong>de dades<\/strong><\/li>\n<\/ol>\n<p>Dades personals no seran cedides a altres pa\u00efsos ni a tercers. En cas de cessions a altres entitats o a altres pa\u00efsos fora de la Uni\u00f3 Europea, li informarem i li sol\u00b7licitarem el seu consentiment previ i expr\u00e9s. <\/p>\n<p>&nbsp;<\/p>\n<ol start=\"8\">\n<li><strong>Legitimaci\u00f3 per a l&#8217;\u00fas de galetes<\/strong><\/li>\n<\/ol>\n<p>Si l&#8217;usuari prem el bot\u00f3 \u201cACCEPTAR galetes\u201d, incl\u00f2s a la finestra informativa de galetes mostrada en accedir al nostre web, es considera que presta lliurement el seu consentiment expr\u00e9s per a l&#8217;\u00fas de totes les galetes, cosa que permetr\u00e0 a la nostra entitat utilitzar la informaci\u00f3 de l&#8217;usuari.<\/p>\n<p>&nbsp;<\/p>\n<p>Si l&#8217;usuari prem lliurement el bot\u00f3 destinat a personalitzar o configurar l&#8217;\u00fas de galetes, oferint-li un espai per seleccionar les galetes que desitgi que siguin utilitzades.<\/p>\n<p>&nbsp;<\/p>\n<p>En qualsevol moment, l&#8217;usuari pot canviar d&#8217;opini\u00f3 i revocar el consell concedit inicialment per a l&#8217;\u00fas de galetes.<\/p>\n<p>&nbsp;<\/p>\n<ol start=\"9\">\n<li><strong>Rebutjar l&#8217;\u00fas de galetes<\/strong><\/li>\n<\/ol>\n<p>Si l\u2019usuari prem lliurement el bot\u00f3 \u201cREBUTJAR galetes\u201d incl\u00f2s a la finestra informativa de galetes mostrada en accedir al nostre lloc web, decideix que no s\u2019utilitzin galetes.<\/p>\n<p>&nbsp;<\/p>\n<p>L&#8217;usuari disposa, a la finestra informativa de galetes, d&#8217;un bot\u00f3 destinat a personalitzar o configurar l&#8217;\u00fas de galetes, oferint-li un espai per desmarcar les galetes que pr\u00e8viament hagi consentit que s&#8217;utilitzin.<\/p>\n<p>&nbsp;<\/p>\n<ol start=\"10\">\n<li><strong>Termini de conservaci\u00f3 <\/strong><\/li>\n<\/ol>\n<p>El termini de conservaci\u00f3 de les dades personals ser\u00e0 el m\u00e9s breu possible d&#8217;acord amb la finalitat per a la qual es van recollir aquestes dades, atenent al principi de minimitzaci\u00f3 de les dades.<\/p>\n<p>&nbsp;<\/p>\n<p>Per a m\u00e9s informaci\u00f3 sobre el tractament de dades personals, consulteu la nostra <strong><a href=\"https:\/\/esr.solar\/ca\/politica-de-privacitat\/\" target=\"_blank\" rel=\"noopener\">Pol\u00edtica de Privacitat.<\/a><\/strong><\/p>\n<p>&nbsp;<\/p>\n<ol start=\"11\">\n<li><strong>Els Seus Drets <\/strong><\/li>\n<\/ol>\n<p>Vost\u00e8 t\u00e9 dret a con\u00e8ixer si la nostra entitat est\u00e0 tractant les seves dades personals; per tant, t\u00e9 dret a accedir-hi, rectificar-les si s\u00f3n inexactes o sol\u00b7licitar la seva supressi\u00f3 quan les dades ja no siguin necess\u00e0ries, sempre que sigui legalment possible.<\/p>\n<p>&nbsp;<\/p>\n<p>Tamb\u00e9 pot exercir el seu dret d&#8217;oposici\u00f3, limitaci\u00f3 o portabilitat si ho considera convenient, fins i tot podr\u00e0 revocar el seu consentiment i per exercir qualsevol d&#8217;aquests drets, haur\u00e0 de fer-ho per escrit a <a href=\"mailto:hola@esr.solar\">hola@esr.solar<\/a>, acompanyant una c\u00f2pia del seu DNI o document equivalent per facilitar-nos la seva identificaci\u00f3.<\/p>\n<p>&nbsp;<\/p>\n<p>Si qui desitja exercir els seus drets \u00e9s menor de 14 anys, podr\u00e0 fer-ho a trav\u00e9s dels seus pares, tutors o representant legal.<\/p>\n<p>&nbsp;<\/p>\n<p>Si desitja traslladar alguna sugger\u00e8ncia o consulta sobre el tractament de les seves dades personals, pot contactar amb el delegat de protecci\u00f3 de dades, indicant el nom de la nostra empresa o el nom comercial:<\/p>\n<p>BUSINESS ADAPTER, S.L.<\/p>\n<p>Ronda Guglielmo Marconi, 11, 26, (Parc Tecnol\u00f2gic) 46980 Paterna (Val\u00e8ncia).<\/p>\n<p><a href=\"https:\/\/www.businessadapter.es\/contacta-con-el-delegado-de-proteccion-de-datos\">Formulari d&#8217;atenci\u00f3 a l&#8217;interessat<\/a><\/p>\n<p>&nbsp;<\/p>\n<p>Li informem que si considera que els seus drets han estat desatessos, t\u00e9 dret a presentar una reclamaci\u00f3 davant l&#8217;Ag\u00e8ncia Espanyola de Protecci\u00f3 de Dades a: C\/ Jorge Juan, 6, 28001 Madrid o a <a href=\"http:\/\/www.aepd.es\">www.aepd.es.<\/a><\/p>\n<p>&nbsp;<\/p>\n<ol start=\"12\">\n<li><strong>Actualitzaci\u00f3<\/strong> <strong>d&#8217;aquesta Pol\u00edtica<\/strong><\/li>\n<\/ol>\n<p>La nostra entitat es reserva el dret de modificar aquesta Pol\u00edtica sense av\u00eds previ. Per aix\u00f2, recomanem consultar-la cada vegada que visiteu el nostre lloc web. <\/p>\n<\/div>\n[\/vc_column_text][\/vc_column][\/vc_row]\n","protected":false},"excerpt":{"rendered":"<p>[vc_row type=&#8221;in_container&#8221; full_screen_row_position=&#8221;middle&#8221; column_margin=&#8221;default&#8221; column_direction=&#8221;default&#8221; column_direction_tablet=&#8221;default&#8221; column_direction_phone=&#8221;default&#8221; scene_position=&#8221;center&#8221; text_color=&#8221;dark&#8221; text_align=&#8221;left&#8221; row_border_radius=&#8221;none&#8221; row_border_radius_applies=&#8221;bg&#8221; overlay_strength=&#8221;0.3&#8243; gradient_direction=&#8221;left_to_right&#8221; shape_divider_position=&#8221;bottom&#8221; bg_image_animation=&#8221;none&#8221;][vc_column column_padding=&#8221;no-extra-padding&#8221; column_padding_tablet=&#8221;inherit&#8221; column_padding_phone=&#8221;inherit&#8221; column_padding_position=&#8221;all&#8221; column_element_spacing=&#8221;default&#8221; background_color_opacity=&#8221;1&#8243; background_hover_color_opacity=&#8221;1&#8243; column_shadow=&#8221;none&#8221; column_border_radius=&#8221;none&#8221; column_link_target=&#8221;_self&#8221; gradient_direction=&#8221;left_to_right&#8221; overlay_strength=&#8221;0.3&#8243; width=&#8221;1\/1&#8243; tablet_width_inherit=&#8221;default&#8221;&#8230;<\/p>\n","protected":false},"author":3,"featured_media":0,"parent":0,"menu_order":0,"comment_status":"closed","ping_status":"closed","template":"","meta":{"om_disable_all_campaigns":false,"_glsr_average":0,"_glsr_ranking":0,"_glsr_reviews":0,"footnotes":""},"class_list":["post-1910","page","type-page","status-publish"],"yoast_head":"<!-- This site is optimized with the Yoast SEO plugin v24.1 - https:\/\/yoast.com\/wordpress\/plugins\/seo\/ -->\n<title>Pol\u00edtica de Cookies  - ESR Energy Solutions<\/title>\n<meta name=\"robots\" content=\"index, follow, max-snippet:-1, max-image-preview:large, max-video-preview:-1\" \/>\n<link rel=\"canonical\" href=\"https:\/\/esr.solar\/ca\/politica-de-cookies\/\" \/>\n<meta property=\"og:locale\" content=\"ca_ES\" \/>\n<meta property=\"og:type\" content=\"article\" \/>\n<meta property=\"og:title\" content=\"Pol\u00edtica de Cookies  - ESR Energy Solutions\" \/>\n<meta property=\"og:description\" content=\"[vc_row type=&#8221;in_container&#8221; full_screen_row_position=&#8221;middle&#8221; column_margin=&#8221;default&#8221; column_direction=&#8221;default&#8221; column_direction_tablet=&#8221;default&#8221; column_direction_phone=&#8221;default&#8221; scene_position=&#8221;center&#8221; text_color=&#8221;dark&#8221; text_align=&#8221;left&#8221; row_border_radius=&#8221;none&#8221; row_border_radius_applies=&#8221;bg&#8221; overlay_strength=&#8221;0.3&#8243; gradient_direction=&#8221;left_to_right&#8221; shape_divider_position=&#8221;bottom&#8221; bg_image_animation=&#8221;none&#8221;][vc_column column_padding=&#8221;no-extra-padding&#8221; column_padding_tablet=&#8221;inherit&#8221; column_padding_phone=&#8221;inherit&#8221; column_padding_position=&#8221;all&#8221; column_element_spacing=&#8221;default&#8221; background_color_opacity=&#8221;1&#8243; background_hover_color_opacity=&#8221;1&#8243; column_shadow=&#8221;none&#8221; column_border_radius=&#8221;none&#8221; column_link_target=&#8221;_self&#8221; gradient_direction=&#8221;left_to_right&#8221; overlay_strength=&#8221;0.3&#8243; width=&#8221;1\/1&#8243; tablet_width_inherit=&#8221;default&#8221;...\" \/>\n<meta property=\"og:url\" content=\"https:\/\/esr.solar\/ca\/politica-de-cookies\/\" \/>\n<meta property=\"og:site_name\" content=\"ESR Energy Solutions\" \/>\n<meta property=\"article:modified_time\" content=\"2026-01-21T14:57:54+00:00\" \/>\n<meta name=\"twitter:card\" content=\"summary_large_image\" \/>\n<meta name=\"twitter:label1\" content=\"Temps estimat de lectura\" \/>\n\t<meta name=\"twitter:data1\" content=\"16 minuts\" \/>\n<script type=\"application\/ld+json\" class=\"yoast-schema-graph\">{\"@context\":\"https:\/\/schema.org\",\"@graph\":[{\"@type\":\"WebPage\",\"@id\":\"https:\/\/esr.solar\/ca\/politica-de-cookies\/\",\"url\":\"https:\/\/esr.solar\/ca\/politica-de-cookies\/\",\"name\":\"Pol\u00edtica de Cookies - ESR Energy Solutions\",\"isPartOf\":{\"@id\":\"https:\/\/esr.solar\/#website\"},\"datePublished\":\"2021-10-29T08:27:05+00:00\",\"dateModified\":\"2026-01-21T14:57:54+00:00\",\"breadcrumb\":{\"@id\":\"https:\/\/esr.solar\/ca\/politica-de-cookies\/#breadcrumb\"},\"inLanguage\":\"ca\",\"potentialAction\":[{\"@type\":\"ReadAction\",\"target\":[\"https:\/\/esr.solar\/ca\/politica-de-cookies\/\"]}]},{\"@type\":\"BreadcrumbList\",\"@id\":\"https:\/\/esr.solar\/ca\/politica-de-cookies\/#breadcrumb\",\"itemListElement\":[{\"@type\":\"ListItem\",\"position\":1,\"name\":\"Portada\",\"item\":\"https:\/\/esr.solar\/ca\/home\/\"},{\"@type\":\"ListItem\",\"position\":2,\"name\":\"Pol\u00edtica de Cookies\"}]},{\"@type\":\"WebSite\",\"@id\":\"https:\/\/esr.solar\/#website\",\"url\":\"https:\/\/esr.solar\/\",\"name\":\"ESR Energy Solutions\",\"description\":\"\",\"potentialAction\":[{\"@type\":\"SearchAction\",\"target\":{\"@type\":\"EntryPoint\",\"urlTemplate\":\"https:\/\/esr.solar\/?s={search_term_string}\"},\"query-input\":{\"@type\":\"PropertyValueSpecification\",\"valueRequired\":true,\"valueName\":\"search_term_string\"}}],\"inLanguage\":\"ca\"}]}<\/script>\n<!-- \/ Yoast SEO plugin. -->","yoast_head_json":{"title":"Pol\u00edtica de Cookies  - ESR Energy Solutions","robots":{"index":"index","follow":"follow","max-snippet":"max-snippet:-1","max-image-preview":"max-image-preview:large","max-video-preview":"max-video-preview:-1"},"canonical":"https:\/\/esr.solar\/ca\/politica-de-cookies\/","og_locale":"ca_ES","og_type":"article","og_title":"Pol\u00edtica de Cookies  - ESR Energy Solutions","og_description":"[vc_row type=&#8221;in_container&#8221; full_screen_row_position=&#8221;middle&#8221; column_margin=&#8221;default&#8221; column_direction=&#8221;default&#8221; column_direction_tablet=&#8221;default&#8221; column_direction_phone=&#8221;default&#8221; scene_position=&#8221;center&#8221; text_color=&#8221;dark&#8221; text_align=&#8221;left&#8221; row_border_radius=&#8221;none&#8221; row_border_radius_applies=&#8221;bg&#8221; overlay_strength=&#8221;0.3&#8243; gradient_direction=&#8221;left_to_right&#8221; shape_divider_position=&#8221;bottom&#8221; bg_image_animation=&#8221;none&#8221;][vc_column column_padding=&#8221;no-extra-padding&#8221; column_padding_tablet=&#8221;inherit&#8221; column_padding_phone=&#8221;inherit&#8221; column_padding_position=&#8221;all&#8221; column_element_spacing=&#8221;default&#8221; background_color_opacity=&#8221;1&#8243; background_hover_color_opacity=&#8221;1&#8243; column_shadow=&#8221;none&#8221; column_border_radius=&#8221;none&#8221; column_link_target=&#8221;_self&#8221; gradient_direction=&#8221;left_to_right&#8221; overlay_strength=&#8221;0.3&#8243; width=&#8221;1\/1&#8243; tablet_width_inherit=&#8221;default&#8221;...","og_url":"https:\/\/esr.solar\/ca\/politica-de-cookies\/","og_site_name":"ESR Energy Solutions","article_modified_time":"2026-01-21T14:57:54+00:00","twitter_card":"summary_large_image","twitter_misc":{"Temps estimat de lectura":"16 minuts"},"schema":{"@context":"https:\/\/schema.org","@graph":[{"@type":"WebPage","@id":"https:\/\/esr.solar\/ca\/politica-de-cookies\/","url":"https:\/\/esr.solar\/ca\/politica-de-cookies\/","name":"Pol\u00edtica de Cookies - ESR Energy Solutions","isPartOf":{"@id":"https:\/\/esr.solar\/#website"},"datePublished":"2021-10-29T08:27:05+00:00","dateModified":"2026-01-21T14:57:54+00:00","breadcrumb":{"@id":"https:\/\/esr.solar\/ca\/politica-de-cookies\/#breadcrumb"},"inLanguage":"ca","potentialAction":[{"@type":"ReadAction","target":["https:\/\/esr.solar\/ca\/politica-de-cookies\/"]}]},{"@type":"BreadcrumbList","@id":"https:\/\/esr.solar\/ca\/politica-de-cookies\/#breadcrumb","itemListElement":[{"@type":"ListItem","position":1,"name":"Portada","item":"https:\/\/esr.solar\/ca\/home\/"},{"@type":"ListItem","position":2,"name":"Pol\u00edtica de Cookies"}]},{"@type":"WebSite","@id":"https:\/\/esr.solar\/#website","url":"https:\/\/esr.solar\/","name":"ESR Energy Solutions","description":"","potentialAction":[{"@type":"SearchAction","target":{"@type":"EntryPoint","urlTemplate":"https:\/\/esr.solar\/?s={search_term_string}"},"query-input":{"@type":"PropertyValueSpecification","valueRequired":true,"valueName":"search_term_string"}}],"inLanguage":"ca"}]}},"_links":{"self":[{"href":"https:\/\/esr.solar\/ca\/wp-json\/wp\/v2\/pages\/1910"}],"collection":[{"href":"https:\/\/esr.solar\/ca\/wp-json\/wp\/v2\/pages"}],"about":[{"href":"https:\/\/esr.solar\/ca\/wp-json\/wp\/v2\/types\/page"}],"author":[{"embeddable":true,"href":"https:\/\/esr.solar\/ca\/wp-json\/wp\/v2\/users\/3"}],"replies":[{"embeddable":true,"href":"https:\/\/esr.solar\/ca\/wp-json\/wp\/v2\/comments?post=1910"}],"version-history":[{"count":2,"href":"https:\/\/esr.solar\/ca\/wp-json\/wp\/v2\/pages\/1910\/revisions"}],"predecessor-version":[{"id":1912,"href":"https:\/\/esr.solar\/ca\/wp-json\/wp\/v2\/pages\/1910\/revisions\/1912"}],"wp:attachment":[{"href":"https:\/\/esr.solar\/ca\/wp-json\/wp\/v2\/media?parent=1910"}],"curies":[{"name":"wp","href":"https:\/\/api.w.org\/{rel}","templated":true}]}}